{"id":768,"date":"2022-01-06T21:45:05","date_gmt":"2022-01-06T21:45:05","guid":{"rendered":"http:\/\/www.isabel-llanos.com\/web\/?page_id=768"},"modified":"2022-01-06T21:48:06","modified_gmt":"2022-01-06T21:48:06","slug":"cine-y-television","status":"publish","type":"page","link":"http:\/\/www.isabel-llanos.com\/web\/cv-artistico\/cine-y-television\/","title":{"rendered":"CINE Y TELEVISI\u00d3N"},"content":{"rendered":"\n<p><strong>CINE<\/strong><\/p>\n\n\n\n<p><strong>Largometrajes<\/strong><\/p>\n\n\n\n<p>2021 \u2013 SENSIBLES. Reparto. Dir. Luca Butturuni. Yonkis del oro. (En rodaje)<\/p>\n\n\n\n<p>2021 \u2013 REINA HORMONA. Reparto. Dir. Enzo Monz\u00f3n. Monz\u00f3n Audiovisuales.<\/p>\n\n\n\n<p>2018 \u2013 LA VIDA SENSE LA SARA AMAT. Dir. Laura Jou. Massa D\u00b4Or\/TV3.<\/p>\n\n\n\n<p>2014 \u2013 ERASMUS \u2013 THE FILM. Reparto. Dir.: Pablo Cosco\/Miguel Pereira.<\/p>\n\n\n\n<p>2012 &#8211; LEYENDAS DE HIDROS. Protag\u00f3nico. Dir: Jordi Les\u00e1n. Grau Films.<\/p>\n\n\n\n<p>2011 &#8211; TENGO GANAS DE TI. Reparto. Dir.: Fernando Gonz\u00e1lez Molina. A3\/Zeta Audiovisual<\/p>\n\n\n\n<p>2011 &#8211; EXTERMINIO BIOL\u00d3GICO. Reparto. Dir: Rub\u00e9n dos Santos. Accidental Frame.<\/p>\n\n\n\n<p>2011 &#8211; [REC 3]: G\u00c9NESIS. Actriz especialista. Dir: Paco Plaza. Filmax.<\/p>\n\n\n\n<p>2011 &#8211; PSICOSIS HOMICIDA. Reparto. Dir: Rub\u00e9n dos Santos. Accidental Frame.<\/p>\n\n\n\n<p><strong>Cortometrajes<\/strong><\/p>\n\n\n\n<p>2021 \u2013 EROPO\u00c9TICA. Protag\u00f3nico. Dir.: Pierre Llanos. ESCAC<\/p>\n\n\n\n<p>2021 \u2013 DE ARMAS TOMAR. Reparto. Dir.: Pau Sanz. ESCAC<\/p>\n\n\n\n<p>2021 \u2013 CARNAZA. Protag\u00f3nico. Dir. Borja N\u00e1ndez. ESCAC<\/p>\n\n\n\n<p><strong>2021<\/strong> \u2013 MARISA. Reparto. Dir. Pablo G\u00f3mez. ESCAC<\/p>\n\n\n\n<p>2020<strong> <\/strong>\u2013<strong> <\/strong>JA NO EXISTEIXO. Reparto. Dir. Luca Butturuni. <a>Yonkis del oro.<\/a><\/p>\n\n\n\n<p>2020 \u2013 C\u00d3MO HACERSE PROSTITUTA. Protag\u00f3nico. Dir.: Claudia Solano. ESCAC<\/p>\n\n\n\n<p><strong>2020<\/strong> \u2013 BICHITO. Reparto. Dir. Cleopatra Rodr\u00edguez. ESCAC<\/p>\n\n\n\n<p><strong>2017 <\/strong>&#8211; CUENTOS CRIMINALES. Reparto. Dir.: Elisabeth Prant. Bande \u00e0 Part<\/p>\n\n\n\n<p><strong>2016 <\/strong>\u2013 LA ORDEN DEL HACHA. Mediometraje hist\u00f3rico. Reparto. Dir.: Alejandro Alc\u00e1ntara. Piedramuda &amp; Open Arts.<\/p>\n\n\n\n<p><strong>2015<\/strong> \u2013 EL C\u00cdRCULO. Reparto. Dir.: V\u00edctor Castillo. Nou Prodigi.<\/p>\n\n\n\n<p>2014 \u2013 CALL ME JOHNNY, PLEASE. Reparto. Dir.: Marta Diego. ESCAC<\/p>\n\n\n\n<p>2014 \u2013 EL D\u00cdA QUE CONOC\u00cd A PAP\u00c1 NOEL. Reparto. Dir.: Carles Tamayo. ESCAC<\/p>\n\n\n\n<p>2014 &#8211; EL BUNKER. Reparto. Dir.: Santiago Zannou. El dedo en el ojo.&nbsp;<\/p>\n\n\n\n<p><strong>2014 &#8211; <\/strong>AMIGO. Reparto. Dir. Marcos Fern\u00e1ndez. ESCAC<\/p>\n\n\n\n<p>2013 &#8211; LA FATARELLA, 1938. Reparto. Dir.: Pau Bertomeu. Delta producions. &nbsp;<\/p>\n\n\n\n<p>2013 &#8211; UN D\u00cdA DE SUERTE. Reparto. Dir.: J. M\u00e9ndez. Nou Prodigi.<\/p>\n\n\n\n<p>2013 &#8211; EL HIPNOTIZADOR. Secundario. Dir.: Daniel Bayona. Cierzo Films.<\/p>\n\n\n\n<p>2013 &#8211; MIND. Reparto. Dir.: Ferran P. Monta\u00f1a. Toolbox<\/p>\n\n\n\n<p><strong>2013<\/strong> &#8211; A MEDIANOCHE. Protag\u00f3nico coral. Dir.: Frank Lucas ESCAC<\/p>\n\n\n\n<p>2012 &#8211; EL PINCHACITO. Reparto. Dir.: Claudia Roca. U. Blanquerna<\/p>\n\n\n\n<p>2012 &#8211; SOMOS. Protag\u00f3nico. Dir.: Claudia Costafreda ESCAC<\/p>\n\n\n\n<p>2012 &#8211; EL CORAZ\u00d3N&nbsp;&nbsp; DELATOR. Reparto. Dir.: Daniel Bayona. Cierzo Films.<\/p>\n\n\n\n<p>2012 &#8211; TERRA PROMESA. Trailerbook. Reparto. Dir.: Oleguer Homs<\/p>\n\n\n\n<p>2012 &#8211; HABITACI\u00d3N 369. Protag\u00f3nico. Dir.: Sandra Mora. &nbsp;Nou Prodigi<\/p>\n\n\n\n<p>2012 &#8211; EL MAR Y LA PALABRA. Secundario. Dir.: Nelson De Benito. Nou Prodigi<\/p>\n\n\n\n<p>2012 &#8211; EL \u00daLTIMO TROFEO. Protag\u00f3nico. Dir: Daniela Gal\u00e1n. Nou Prodigi.<\/p>\n\n\n\n<p>2012 &#8211; EL DIABLO Y EL MAGISTRADO. Reparto. Dir.: Ingrid L\u00f3pez.&nbsp; CECC<\/p>\n\n\n\n<p>2012 &#8211; ANTIGRAVITACI\u00d3N. Protag\u00f3nico. Dir.: Christian Hayer. El dedo en el ojo<\/p>\n\n\n\n<p>2012 &#8211; L\u00b4AIGUAT. (En catal\u00e1n) Protag\u00f3nico. Dir.: Be\u00f1at Revuelta CECC<\/p>\n\n\n\n<p><strong>2012<\/strong> &#8211; Mr. ARTE. Reparto. Dir: Bianca J. Montobbio ECIB<\/p>\n\n\n\n<p>2011 &#8211; DOCUDRAMA CASTILLO DE SANT MART\u00cd SARROCA. Protag\u00f3nico. Dir.: Ram\u00f3n Grau. Grau Films<\/p>\n\n\n\n<p>2011 &#8211; SE VENDE. Secundario. Dir.: Joanna Gillemot<\/p>\n\n\n\n<p>2011 &#8211; ETERNAMENTE JUNTOS. Protag\u00f3nico. Dir.: Jordi Stile. Nou Prodigi.<\/p>\n\n\n\n<p>2011 &#8211; AULAS DE PIEDRA. Reparto. Dir.: Carlos Pineda. CECC<\/p>\n\n\n\n<p>2011 &#8211; EL PROYECTO ROTHSTEIN. Reparto. Dir: Nuria Kearns. Insight Fictions.<\/p>\n\n\n\n<p>2011 &#8211; APARENCES. Secundario. Dir: Ignasi Smendia. Movieon.<\/p>\n\n\n\n<p>2011 &#8211; MALTA 38. Protag\u00f3nico. Dir: Albert Ventallo. ITES.<\/p>\n\n\n\n<p><strong>2011<\/strong> &#8211; MANCEBOS AMUSTIADOS. Reparto. Dir: Patricio Romay. ESCAC<\/p>\n\n\n\n<p>2010 &#8211; DEJA QUE TE DIGA (3D). Reparto. Dir: Gerard G. de Pando. Esc\u00e1ndalo Films.<\/p>\n\n\n\n<p>2010 &#8211; 5 AM. Secundario. Dir: Jessyca Quercia. Se\u00f1al de ajuste.<\/p>\n\n\n\n<p>2010 &#8211; LACRIMA LACRIMAE. Reparto. Dir: \u00c1ngel Grisalvo Mart\u00ednez. El dedo en el ojo.<\/p>\n\n\n\n<p>2010 &#8211; EL PREMIO. Dir.: David Blanco. Batea Films y Fullemotions Films. Para exposici\u00f3n en CCCB: \u201cEl D-efecto Barroco\u201d.<\/p>\n\n\n\n<p>2010 &#8211; PUTAS ZOMBIS. Reparto. Dir: Pedro Ingl\u00e9s. Ad Astra.<\/p>\n\n\n\n<p>2010 &#8211; LA MALETA. Protag\u00f3nico. Dir: Alfons Vi\u00f1as. KNT Producciones.<\/p>\n\n\n\n<p>2010 &#8211; MONTEVERDE. Secundario. Dir: S\u00e9bastien Pasche. El dedo en el ojo.<\/p>\n\n\n\n<p><strong>2010<\/strong> &#8211; NOCHE 321\/MALA NOCHE. Protag\u00f3nico. Dir: Sven A. O. van Aken. Mosquitone.<\/p>\n\n\n\n<p><strong>TV<\/strong><\/p>\n\n\n\n<p>2020 \u2013 MERL\u00cd: SAPERE AUDE. Dir.: Menna Fit\u00e9. Varios cap\u00edtulos. Movistar\/Veranda.<\/p>\n\n\n\n<p>2020 &#8211; EL INOCENTE. Dir.: Oriol Paulo. Sospecha Films\/Think Studio. Netflix<\/p>\n\n\n\n<p>2016 \u2013 THE K2. Serie TV coreana. Dir.: Kwak Jung Hwan. tvN<\/p>\n\n\n\n<p>2015 \u2013 DOCUMENTOS TV \u201cS\u00f3lo por hoy\u201d. Reparto. Dir.: Manuel S\u00e1nchez Pereira TVE<\/p>\n\n\n\n<p>2013 &#8211; LA RIERA (varios caps.) Fig. esp. Dir.: Esteve Rovira. TV3\/Diagonal TV<\/p>\n\n\n\n<p>2012 &#8211; CITA2. Testimonial para web Life in Two. Canal Catal\u00e1 TV<\/p>\n\n\n\n<p>2012 &#8211; KUBALA, MORENO Y MANCH\u00d3N. Cap. 16 Dir.: K. Ru\u00edz\/A. Schaff TV3<\/p>\n\n\n\n<p>2011 &#8211; THE ROTTEN RAIN. Trailer serie. Protag\u00f3nico coral. Dir.: V\u00edctor Masip y Josep Mar\u00eda Bernad\u00f3. Audivio.<\/p>\n\n\n\n<p>2011 &#8211; LA SEXTA. Varios cortes diversa tem\u00e1tica. El Terrat.&nbsp;<\/p>\n\n\n\n<p>2011 &#8211; TODOS SOMOS DE LE\u00d3N. Epis\u00f3dico. Webserie. Dir.: David Moreno.<\/p>\n\n\n\n<p>2011 &#8211; LA PATRULLA. Serie web &#8211; piloto. Secundario. Dir: Fabi\u00e1n Varela. Canal 1001.<\/p>\n\n\n\n<p>2009 &#8211; ACT\u00cdVATE. EL RETO DEL BIENESTAR. Epis\u00f3dico \u201cTaller de risoterapia\u201d<\/p>\n\n\n\n<p>2002 &#8211; PETRA DELICADO. Epis\u00f3dico. TV Alemania. 2002<\/p>\n\n\n\n<p>1999 &#8211; EL COMISARIO (LAS CALLES DE SAN FERNANDO). Piloto. Boca a Boca.<\/p>\n\n\n\n<p><strong>VIDEOCLIPS:<\/strong><\/p>\n\n\n\n<p>2014 \u2013 ARITM\u00c9TICA FORMAL. Videoclip Aritm\u00e9tica. Reparto. Dir.: Be\u00f1at Revuelta. &nbsp;<\/p>\n\n\n\n<p>2012 &#8211; HUMAN ELEVATOR. Videoclip The art of Cheers. Reparto. Dir.: Alan Masferrer. We are Sunday<\/p>\n\n\n\n<p>2012 &#8211; NOT SAFE FOR WORK (\u00abSE PAJEAN\u00bb). Maqueta concurso. Reparto. The Lift y La Lola.<\/p>\n\n\n\n<p>2011 &#8211; UN MINUTO. Videoclip Rub\u00e9n Mu\u00f1oz. Reparto. Dir.: David Felipe. Shark<\/p>\n\n\n\n<p>2011 &#8211; MAKING OFF DE SESI\u00d3N FOTOGR\u00c1FICA. Protag\u00f3nico. Dir.: Rub\u00e9n N\u00fa\u00f1ez. L\u2019ArtVisual.<\/p>\n\n\n\n<p>2010 &#8211; 13 VECES POR MINUTO. Videoclip Uzzuha\u00efa. Reparto. Dir: Aitor Guti\u00e9rrez. Dir.: Caja Box.<\/p>\n\n\n\n<p><strong>OTRAS INTERVENCIONES<\/strong><\/p>\n\n\n\n<p>2020 \u2013 LA DAMA DE PICAS. Dir. Manel Outumuro. Dramatizaci\u00f3n presentaci\u00f3n \u00f3pera Teatre Liceu (Barcelona)<\/p>\n\n\n\n<p>2016 &#8211; V\u00cdDEO GRADUACI\u00d3N U. BLANQUERNA. Dir. Mar\u00eda Girona (Barcelona)<\/p>\n\n\n\n<p>2011 &#8211; BANKIA: Protag\u00f3nico. Simulaci\u00f3n virtual para plataforma de aprendizaje. Oh-learning. (Barcelona)<\/p>\n\n\n\n<p>2010 &#8211; STANHOME. V\u00eddeo corporativo. Reparto. Dir: Pau Sanclemente (Barcelona)<\/p>\n\n\n\n<p><strong>IV EDICI\u00d3N FESTIVAL INTERNACIONAL DE CORTOMETRAJES \u201cLUNA DE CORTOS\u201d:<\/strong> miembro del Comit\u00e9 de Selecci\u00f3n y del Jurado Secci\u00f3n Oficial Ficci\u00f3n.<\/p>\n\n\n\n<p><strong>CINEMATOGRAF\u00cdA:<\/strong><\/p>\n\n\n\n<p>2019 \u2013 Y AHORA&#8230; Short. Direcci\u00f3n, guion, casting. Producci\u00f3n ejecutiva. Kintsugi.<\/p>\n\n\n\n<p>2010 &#8211; MAMBO NO HABLA. Short. &nbsp;Asistente producci\u00f3n. Dir: Sven A. O. van Aken. Mosquitone.&nbsp;<\/p>\n","protected":false},"excerpt":{"rendered":"<p>CINE Largometrajes 2021 \u2013 SENSIBLES. Reparto. Dir. Luca Butturuni. Yonkis del oro. (En rodaje) 2021 \u2013 REINA HORMONA. Reparto. Dir. Enzo Monz\u00f3n. Monz\u00f3n Audiovisuales. 2018 \u2013 LA VIDA SENSE LA<\/p>\n<p class=\"more-link\"><a href=\"http:\/\/www.isabel-llanos.com\/web\/cv-artistico\/cine-y-television\/\" class=\"readmore\">Seguir leyendo<span class=\"screen-reader-text\">CINE Y TELEVISI\u00d3N<\/span><\/a><\/p>\n","protected":false},"author":1,"featured_media":0,"parent":524,"menu_order":1,"comment_status":"closed","ping_status":"closed","template":"","meta":{"footnotes":""},"class_list":["post-768","page","type-page","status-publish","hentry"],"_links":{"self":[{"href":"http:\/\/www.isabel-llanos.com\/web\/wp-json\/wp\/v2\/pages\/768","targetHints":{"allow":["GET"]}}],"collection":[{"href":"http:\/\/www.isabel-llanos.com\/web\/wp-json\/wp\/v2\/pages"}],"about":[{"href":"http:\/\/www.isabel-llanos.com\/web\/wp-json\/wp\/v2\/types\/page"}],"author":[{"embeddable":true,"href":"http:\/\/www.isabel-llanos.com\/web\/wp-json\/wp\/v2\/users\/1"}],"replies":[{"embeddable":true,"href":"http:\/\/www.isabel-llanos.com\/web\/wp-json\/wp\/v2\/comments?post=768"}],"version-history":[{"count":3,"href":"http:\/\/www.isabel-llanos.com\/web\/wp-json\/wp\/v2\/pages\/768\/revisions"}],"predecessor-version":[{"id":774,"href":"http:\/\/www.isabel-llanos.com\/web\/wp-json\/wp\/v2\/pages\/768\/revisions\/774"}],"up":[{"embeddable":true,"href":"http:\/\/www.isabel-llanos.com\/web\/wp-json\/wp\/v2\/pages\/524"}],"wp:attachment":[{"href":"http:\/\/www.isabel-llanos.com\/web\/wp-json\/wp\/v2\/media?parent=768"}],"curies":[{"name":"wp","href":"https:\/\/api.w.org\/{rel}","templated":true}]}}