{"id":6,"date":"2012-07-11T19:44:16","date_gmt":"2012-07-11T19:44:16","guid":{"rendered":"http:\/\/www.isabel-llanos.com\/web\/?page_id=6"},"modified":"2022-01-06T22:20:38","modified_gmt":"2022-01-06T22:20:38","slug":"cine-y-tv","status":"publish","type":"page","link":"http:\/\/www.isabel-llanos.com\/web\/cine-y-tv\/","title":{"rendered":"CINE Y TV"},"content":{"rendered":"<p><strong>CINE<\/strong><\/p>\n<p><strong>\u00a0<\/strong><\/p>\n<p><strong>Largometrajes<\/strong><\/p>\n<p>2018 \u2013 LA VIDA SENSE LA SARA AMAT. Dir. Laura Jou. Massa D\u00b4Or\/TV3.<\/p>\n<p>2014 \u2013 ERASMUS \u2013 THE FILM. Reparto. Dir.: Pablo Cosco\/Miguel Pereira.<\/p>\n<p>2012 &#8211; GRAND PIANO. Dir.: Eugenio Mira. Nostromo Films.<\/p>\n<p>2012 &#8211; LEYENDAS DE HIDROS. Protag\u00f3nico. Dir: Jordi Les\u00e1n. Grau Films.<\/p>\n<p>2011 &#8211; TENGO GANAS DE TI. Reparto. Dir.: Fernando Gonz\u00e1lez Molina. A3\/Zeta Audiovisual<\/p>\n<p>2011 &#8211; EXTERMINIO BIOL\u00d3GICO. Reparto. Dir: Rub\u00e9n dos Santos. Accidental Frame.<\/p>\n<p>2011 &#8211; CADUCO (Teaser largometraje). Dir.: Jos\u00e9 Luis Montesinos. Bastian Films.<\/p>\n<p>2011 &#8211; [REC 3]: G\u00c9NESIS. Actriz especialista. Dir: Paco Plaza. Filmax.<\/p>\n<p>2011 &#8211; PSICOSIS HOMICIDA. Reparto. Dir: Rub\u00e9n dos Santos. Accidental Frame.<\/p>\n<p>2010 &#8211; REGRESSION. Dir: Joan Frank Charansonnet. Junna Films.<\/p>\n<p><strong>Cortometrajes<\/strong><\/p>\n<p><strong>2017 <\/strong>&#8211; CUENTOS CRIMINALES. Reparto. Dir.: Elisabeth Prant. Bande \u00e0 Part<\/p>\n<p><strong>2016 <\/strong>\u2013 LA ORDEN DEL HACHA. Mediometraje hist\u00f3rico. Reparto. Dir.: Alejandro Alc\u00e1ntara. Piedramuda &amp; Open Arts.<\/p>\n<p><strong>2015<\/strong> \u2013 EL C\u00cdRCULO. Reparto. Dir.: V\u00edctor Castillo. Nou Prodigi.<\/p>\n<p>2014 \u2013 CALL ME JOHNNY, PLEASE. Reparto. Dir.: Marta Diego. ESCAC<\/p>\n<p>2014 \u2013 EL D\u00cdA QUE CONOC\u00cd A PAP\u00c1 NOEL. Reparto. Dir.: Carles Tamayo. ESCAC<\/p>\n<p>2014 &#8211; TWICE. Protag\u00f3nico. Dir.: Albert Jofre. El dedo en el ojo.<\/p>\n<p>2014 &#8211; EL BUNKER. Reparto. Dir.: Santiago Zannou. El dedo en el ojo.<\/p>\n<p><strong>2014 &#8211; <\/strong>AMIGO. Reparto. Dir. Marcos Fern\u00e1ndez. ESCAC<\/p>\n<p>2013 &#8211; LA FATARELLA, 1938. Reparto. Dir.: Pau Bertomeu. Delta producions.<\/p>\n<p>2013 &#8211; UN D\u00cdA DE SUERTE. Reparto. Dir.: J. M\u00e9ndez. Nou Prodigi.<\/p>\n<p>2013 &#8211; EL HIPNOTIZADOR. Secundario. Dir.: Daniel Bayona. Cierzo Films.<\/p>\n<p>2013 &#8211; MIND. Reparto. Dir.: Ferran P. Monta\u00f1a. Toolbox<\/p>\n<p><strong>2013<\/strong> &#8211; A MEDIANOCHE. Protag\u00f3nico coral. Dir.: Frank Lucas ESCAC<\/p>\n<p>2012 &#8211; EL PINCHACITO. Reparto. Dir.: Claudia Roca. U. Blanquerna<\/p>\n<p>2012 &#8211; SOMOS. Protag\u00f3nico. Dir.: Claudia Costafreda ESCAC<\/p>\n<p>2012 &#8211; EL CORAZ\u00d3N\u00a0\u00a0 DELATOR. Reparto. Dir.: Daniel Bayona. Cierzo Films.<\/p>\n<p>2012 &#8211; TERRA PROMESA. Trailerbook. Reparto. Dir.: Oleguer Homs<\/p>\n<p>2012 &#8211; HABITACI\u00d3N 369. Protag\u00f3nico. Dir.: Sandra Mora. \u00a0Nou Prodigi<\/p>\n<p>2012 &#8211; EL MAR Y LA PALABRA. Secundario. Dir.: Nelson De Benito. Nou Prodigi<\/p>\n<p>2012 &#8211; EL \u00daLTIMO TROFEO. Protag\u00f3nico. Dir: Daniela Gal\u00e1n. Nou Prodigi.<\/p>\n<p>2012 &#8211; EL DIABLO Y EL MAGISTRADO. Reparto. Dir.: Ingrid L\u00f3pez.\u00a0 CECC<\/p>\n<p>2012 &#8211; ANTIGRAVITACI\u00d3N. Protag\u00f3nico. Dir.: Christian Hayer. El dedo en el ojo<\/p>\n<p>2012 &#8211; L\u00b4AIGUAT. (En catal\u00e1n) Protag\u00f3nico. Dir.: Be\u00f1at Revuelta CECC<\/p>\n<p><strong>2012<\/strong> &#8211; Mr. ARTE. Reparto. Dir: Bianca J. Montobbio ECIB<\/p>\n<p>2011 &#8211; DOCUDRAMA CASTILLO DE SANT MART\u00cd SARROCA. Protag\u00f3nico. Dir.: Ram\u00f3n Grau. Grau Films<\/p>\n<p>2011 &#8211; SE VENDE. Secundario. Dir.: Joanna Gillemot<\/p>\n<p>2011 &#8211; ETERNAMENTE JUNTOS. Protag\u00f3nico. Dir.: Jordi Stile. Nou Prodigi.<\/p>\n<p>2011 &#8211; AULAS DE PIEDRA. Reparto. Dir.: Carlos Pineda. CECC<\/p>\n<p>2011 &#8211; EL PROYECTO ROTHSTEIN. Reparto. Dir: Nuria Kearns. Insight Fictions.<\/p>\n<p>2011 &#8211; APARENCES. Secundario. Dir: Ignasi Smendia. Movieon.<\/p>\n<p>2011 &#8211; MALTA 38. Protag\u00f3nico. Dir: Albert Ventallo. ITES.<\/p>\n<p><strong>2011<\/strong> &#8211; MANCEBOS AMUSTIADOS. Reparto. Dir: Patricio Romay. ESCAC<\/p>\n<p>2010 &#8211; DEJA QUE TE DIGA (3D). Reparto. Dir: Gerard G. de Pando. Esc\u00e1ndalo Films.<\/p>\n<p>2010 &#8211; 5 AM. Secundario. Dir: Jessyca Quercia. Se\u00f1al de ajuste.<\/p>\n<p>2010 &#8211; LACRIMA LACRIMAE. Reparto. Dir: \u00c1ngel Grisalvo Mart\u00ednez. El dedo en el ojo.<\/p>\n<p>2010 &#8211; EL PREMIO. Dir.: David Blanco. Batea Films y Fullemotions Films. Para exposici\u00f3n en CCCB: \u201cEl D-efecto Barroco\u201d.<\/p>\n<p>2010 &#8211; PUTAS ZOMBIS. Reparto. Dir: Pedro Ingl\u00e9s. Ad Astra.<\/p>\n<p>2010 &#8211; LA MALETA. Protag\u00f3nico. Dir: Alfons Vi\u00f1as. KNT Producciones.<\/p>\n<p>2010 &#8211; MONTEVERDE. Secundario. Dir: S\u00e9bastien Pasche. El dedo en el ojo.<\/p>\n<p><strong>2010<\/strong> &#8211; NOCHE 321\/MALA NOCHE. Protag\u00f3nico. Dir: Sven A. O. van Aken. Mosquitone.<\/p>\n<p><strong>\u00a0<\/strong><\/p>\n<p><strong>TV<\/strong><\/p>\n<p>2020 \u2013 EL INOCENTE. Oriol Paulo. Sospecha Films\/Think\u00a0 Studio. Netflix<\/p>\n<p>2016 \u2013 THE K2. Serie TV coreana. Epis\u00f3dico. Dir.: Kwak Jung Hwan. tvN<\/p>\n<p>2015 \u2013 DOCUMENTOS TV \u201cS\u00f3lo por hoy\u201d. Reparto. Dir.: Manuel S\u00e1nchez Pereira TVE<\/p>\n<p>2013 &#8211; LA RIERA (varios caps.) Fig. esp. Dir.: Esteve Rovira. TV3\/Diagonal TV<\/p>\n<p>2012 &#8211; CITA2. Testimonial para web Life in Two. Canal Catal\u00e1 TV<\/p>\n<p>2012 &#8211; KUBALA, MORENO Y MANCH\u00d3N. Cap. 16 Dir.: K. Ru\u00edz\/A. Schaff TV3<\/p>\n<p>2011 &#8211; THE ROTTEN RAIN. Trailer serie. Protag\u00f3nico coral. Dir.: V\u00edctor Masip y Josep Mar\u00eda Bernad\u00f3. Audivio.<\/p>\n<p>2011 &#8211; LA SEXTA. Varios cortes diversa tem\u00e1tica. El Terrat.<\/p>\n<p>2011 &#8211; TODOS SOMOS DE LE\u00d3N. Epis\u00f3dico. Webserie. Dir.: David Moreno.<\/p>\n<p>2011 &#8211; LA PATRULLA. Serie web &#8211; piloto. Secundario. Dir: Fabi\u00e1n Varela. Canal 1001.<\/p>\n<p>2009 &#8211; ACT\u00cdVATE. EL RETO DEL BIENESTAR. Epis\u00f3dico \u201cTaller de risoterapia\u201d<\/p>\n<p>2002 &#8211; PETRA DELICADO. Epis\u00f3dico. TV Alemania. 2002<\/p>\n<p>1999 &#8211; EL COMISARIO (LAS CALLES DE SAN FERNANDO). Piloto. Boca a Boca.<\/p>\n<p><strong>TEATRO<\/strong><\/p>\n<p>2019 \u2013 VERSOS perVERSOS. Espect\u00e1culo de creaci\u00f3n propia de poes\u00eda teatralizada. Marsella (Francia)<\/p>\n<p>2019 \u2013 SKETCK \u201cLA VALKIRIA\u201d. Jornada de puertas abiertas. Gran Teatre del Liceu.<\/p>\n<p>2019 \u2013 DEL MITO AL RITO HAY 316 SEMILLAS. Creaci\u00f3n y performance. C\u00eda #am\u00edNOmecallas. Espacio V\u00edas (Le\u00f3n).<\/p>\n<p><strong>2019<\/strong> \u2013 DIONISIO. LA VID\u2026Y MIL NOCHES. Reparto: \u00c1tropos. Dir.: Rafael Amargo. \u00a0C\u00eda de teatro-danza Rafael Amargo. Teatro Apolo (Barcelona)<\/p>\n<p>2018 \u2013 MANIFEST A LA POSTGUERRA VISUAL. Performance. Dir.: Nataly Prada. Mostra d\u2019Art Urb\u00e0 MAU. Granollers<\/p>\n<p>2018 \u2013 SKETCK \u201cDIVA\u201d. Jornada de puertas abiertas. Gran Teatre del Liceu<\/p>\n<p>2018 \u2013 ESC\u00daCHALO DE MI BOCA. Mon\u00f3logo c\u00f3mico de creaci\u00f3n propia. Hors Lits #1 Le\u00f3n \u00b42018 (Le\u00f3n)<\/p>\n<p><strong>2018<\/strong> &#8211; #AM\u00cdNOMECALLAS. Performance. Nau Bostik (Barcelona)<\/p>\n<p>2017 &#8211; -ARAOKE. Reparto. Dir.: J Moyano. C\u00eda. Teatre de L\u00edmit Sala Beckett. Ganadores Festival Croquis_BCN 2017 (Barcelona)<\/p>\n<p>2017 \u2013 FUGA EN M\u00cd MENOR. Reparto y creaci\u00f3n. Colectivo Err\u00e1ticas (gira por 12 provincias espa\u00f1olas)<\/p>\n<p><strong>2017<\/strong> &#8211; WERTHER \u00d3pera. Dir.: Willy Decker. Gran Teatre del Liceu.<\/p>\n<p>2016 \u2013 VERSOS perVERSOS. Espect\u00e1culo de creaci\u00f3n propia de poes\u00eda teatralizada. Veguellina de \u00d3rbigo (Le\u00f3n)<\/p>\n<p>2016 \u2013 FFFFISH. Reparto. Dir.: J Moyano, L. Send\u00edm, S. Bravo. C\u00eda. Teatre de L\u00edmit\u00a0 (Barcelona)<\/p>\n<p><strong>2016<\/strong> &#8211; LA HISTORIA DE UN \u00c1RBOL. Reparto. Dir.: Carolina Rivas\/Daoud Sarhandi. Creadores contempor\u00e1neos. Teatre La Colmena (Santa Coloma de Gramanet).<\/p>\n<p>2015 \u2013 LA MARQUESA DE LARKSPUR LOTION. Reparto. Dir.: Nicol\u00e1s Rivero. Sala Anaglifos (Barcelona)<\/p>\n<p>2015 &#8211; LA HISTORIA DE UN \u00c1RBOL. Reparto. Dir.: Carolina Rivas\/Daoud Sarhandi. Creadores contempor\u00e1neos. C.C.Drassanes (Barcelona)<\/p>\n<p>2015 \u2013 TEMPUS FUGIT. One-to-one. Pieza perform\u00e1ntica unipersonal de creaci\u00f3n propia. ArtHostal2 (Barcelona)<\/p>\n<p>2015 &#8211; CAF\u00c9 MINUTO. Pieza perform\u00e1ntica unipersonal de creaci\u00f3n propia. Dir.: Mar\u00eda Stoyanova. Antic Teatre (Barcelona)<\/p>\n<p>2015 &#8211; CAF\u00c9 MINUTO Pieza (Work in progress). Dir.: Mar\u00eda Stoyanova. La Ch\u00e1chara (Barcelona).<\/p>\n<p><strong>2015<\/strong> &#8211; CAF\u00c9 MINUTO-1to1. One to one. Dir.: Mar\u00eda Stoyanova. La Ch\u00e1chara (Barcelona).<\/p>\n<p>2014 &#8211; HEADSHOT. Dir.: Kari Margolis. Espai de creaci\u00f2 Fabra i Coast (Barcelona)<\/p>\n<p>2014 &#8211; POR UN TROCITO DE AMOR. Reparto. Dir.: Cristina Rodr\u00edguez. Miniteatres (Barcelona)<\/p>\n<p>2014 &#8211; ANATOM\u00cdA DE UNA MADRE. Reparto. Dir.: Andr\u00e9s Lima. Mas Miravall. Juneda (Lleida)<\/p>\n<p>2014 &#8211; LA TERCERA IMATGE. Performances. Dir.: Marcos Morau. Mas Miravall. Juneda (Lleida).<\/p>\n<p><strong>2014<\/strong> &#8211; LA LEYENDA DE LA CIUDAD INVISIBLE DE KITZEH. \u00d3pera. Dir.: Dmitri Tcherniakov. Actriz. Gran Teatre del Liceu.<\/p>\n<p>2013 &#8211; COMEDIA DELL\u00b4ARTE CON CRISTINA COLTELLI. Dir.: Cristina Coltelli. Sala F\u00e9nix (Barcelona)<\/p>\n<p><strong>2013<\/strong> &#8211; IL TURCO IN ITALIA. \u00d3pera. Dir.: Chrystof Loy. Actriz-bailarina. Gran Teatre del Liceu.<\/p>\n<p>2012 -BUENAS TARDES, ME GUSTAR\u00cdA TENER UNA DISCUSI\u00d3N. Reparto. Radioteatro. Dir.: Toni Gass\u00f3. Palau Al\u00f2s (Barcelona)<\/p>\n<p>2012 &#8211; LUBINA AL HORNO. Radioteatro. Reparto. Dir.: Toni Gass\u00f3. Palau Al\u00f2s (Barcelona)<\/p>\n<p><strong>2012<\/strong> &#8211; MISCEL.LANEA. Radioteatro. Reparto. Dir.: Toni Gass\u00f3. Palau Al\u00f2s (Barcelona)<\/p>\n<p>2011 &#8211; SUITE DEL AMOR DOLIDO. Reparto. \u00d3pera visual en 11 performances de Z. Buenvirus. Dir.: Zruh.<\/p>\n<p><strong>2011<\/strong> &#8211; LA VERBENA DE LA PALOMA. Tabernera. Compa\u00f1\u00eda L\u00edrica Siglo XXI. Dir.: A. Irastorza. Teatro T\u00edvoli (Barcelona)<\/p>\n<p><strong>1999<\/strong> &#8211; LA VENGANZA DE DON MENDO. Marquesa de Terrassa. C\u00eda Acero Azul (\u00c1vila)<\/p>\n<p><strong>1988<\/strong> &#8211; LA CASA DE BERNARDA ALBA. La Poncia. C\u00eda Garc\u00eda Bellido (Le\u00f3n)<\/p>\n<p><strong>\u00a0<\/strong><\/p>\n<p><strong>COMPA\u00d1\u00cdAS<\/strong><\/p>\n<p>Desde julio de 2018 dirige la sede de Le\u00f3n de la red internacional <strong><a href=\"http:\/\/www.horslits.com\/\">Hors Lits<\/a><\/strong>, realizando adem\u00e1s las tareas de coordinaci\u00f3n y comunicaci\u00f3n. Cada edici\u00f3n es un \u00e9xito de cr\u00edtica y asistencia con sould out.<\/p>\n<p>Actualmente integrante de los colectivos y compa\u00f1\u00edas:<\/p>\n<ul>\n<li><strong><a href=\"http:\/\/www.prostibulopoetico.com\/\">Prost\u00edbulo Po\u00e9tico<\/a><\/strong>, personaje Shhh, con quienes ha actuado en Espa\u00f1a y Reino Unido, poes\u00eda esc\u00e9nica (desde 2015).<\/li>\n<li><strong><a href=\"https:\/\/www.facebook.com\/teatredelimits\/?fref=ts\">Teatre deL\u00edmits<\/a> <\/strong>creaci\u00f3n colectiva. Obras representads \u201cFffish\u201d (2016) \u201c\u2013Araoke\u201d (2017) con cuya creaci\u00f3n e interpretaci\u00f3n ganan el Festival Croquis en la Sala Beckett.<\/li>\n<li><strong><a href=\"https:\/\/www.facebook.com\/erraticas17\/\">Err\u00e1ticas<\/a> <\/strong>Poes\u00eda esc\u00e9nica. \u201cFuga en m\u00ed menor\u201d Gira por Espa\u00f1a (2017): L\u00b4Horiginal (Barcelona), Sala de Armas (Pamplona), Belmondo (Le\u00f3n), Universonoro (Palencia), Toma 3 (Gij\u00f3n), Bardeblas (Burgos), Putzuzulo (Zarautz), Arrebato (Zaragoza), La saleta (Lleida), Ca Revolta (Valencia), Zona 3 (Castell\u00f3n), Off Latina (Madrid).<\/li>\n<li><strong><a href=\"https:\/\/www.facebook.com\/A-m%C3%AD-NO-me-callas-518239348556119\/\">#am\u00edNOmecallas<\/a><\/strong> colectivo de investigaci\u00f3n y denuncia art\u00edstica performativa. Varias fotoperformances. Espect\u00e1culos: \u201cDel mito al rito hay 613 semillas\u201d Nau Bostik (Barcelona) Espacio V\u00edas (Le\u00f3n), etc.<\/li>\n<li><strong><a href=\"http:\/\/lameva.barcelona.cat\/barcelonapoesia\/es\/activitat\/20180502\/labios-de-papel-placeres-en-femenino\">Labios de papel<\/a> <\/strong>colectivo de poes\u00eda esc\u00e9nica. Espect\u00e1culos: \u201cPlaceres en femenino\u201d \u201cDesde las ra\u00edces\u201d \u201cCabaret postrom\u00e1ntico\u201d. Desde 2018 en varias salas: Rai, Setmana de la Po\u00e8sia de Barcelona (2018, 2019), El Rouge, Fem Fest 2018, etc.<\/li>\n<\/ul>\n<p><strong>\u00a0<\/strong><\/p>\n<p><strong>OTROS<\/strong><\/p>\n<p><strong>\u00a0<\/strong><\/p>\n<p><strong>Monologuista c\u00f3mica:<\/strong> varias salas y actuaciones.<\/p>\n<p><strong>Recitales de poes\u00eda:<\/strong> adem\u00e1s de los proyectos de poes\u00eda esc\u00e9nica antes mencionados, ha sido solicitada para participar en numerosos recitales.<\/p>\n<p>2019 \u2013I C\u00cdRCULO INTERNACIONAL DE POES\u00cdA Y ARTE MUJERES PU\u00d1OS VIOLETA. \u201cMi mundo surrealista\u201d CCM Tecla Sala (L\u00b4Hospitalet de Llobregat)<\/p>\n<p>2019 \u2013 \u00c1GORA DE POES\u00cdA. Mansilla de las mulas (Le\u00f3n)<\/p>\n<p>2019 \u2013 Estival po\u00e9tico. La Bot\u00e1nica (Barcelona)<\/p>\n<p>2019 \u2013 GRITO DE MUJER. IX Festival Internacional de Poes\u00eda y arte. Fridas de Barcelona. CC. ALbareda. (Barcelona)<\/p>\n<p>2018 \u2013 IX Encuentro literario. Homenaje a Ferm\u00edn L\u00f3pez Costero. Noceda del Bierzo (Le\u00f3n)<\/p>\n<p>2018 \u2013 Cierre de las Jornadas literarias \u201cC\u00e9sar Vallejo y las vanguardias en Le\u00f3n\u201d. Casa-Museo de Leopoldo Panero. Astorga (Le\u00f3n)<\/p>\n<p>2017 \u2013 VIII Encuentro literario. Noceda del Bierzo (Le\u00f3n)<\/p>\n<p><strong>Trabajo de escenas<\/strong><\/p>\n<p>2015 &#8211; La extra\u00f1a pareja (versi\u00f3n femenina) (Neil Simon). Florence. Dir: Andr\u00e9s Lima.<\/p>\n<p>2014 \u2013 Panorama desde el puente (Arthur Miller) Beatrice. Dir.: Andr\u00e9s Lima.<\/p>\n<p>2014 \u2013 Habitaci\u00f3n 325 (Jordi Zamora). Carmen. Dir: Jordi Zamora.<\/p>\n<p>2014 \u2013 De tal palo tal astilla (Christian Stamm). Igraj. Dir: Christian Stamm.<\/p>\n<p>2014 \u2013 Mathilde (V\u00e9ronique Olmi). Mathilde. Dir: John Strasberg.<\/p>\n<p>2014 &#8211; The killing of Sister George (Frank Marcus). June\/George. Dir: Javier Galit\u00f3-Cava.<\/p>\n<p>2014- An ideal husband (Oscar Wilde). Mrs. Cheveley. Dir: Javier Galit\u00f3-Cava.<\/p>\n<p>2013 &#8211; La extra\u00f1a pareja (versi\u00f3n femenina) (Neil Simon). Olive. Dir: John Strasberg.<\/p>\n<p>2012 &#8211; Doubt (John Patrick Shanley). Sor Aloysius. Dir: Javier Galit\u00f3-Cava.<\/p>\n<p>2012 &#8211; Let us be gay (Rachel Crothers). \u00a0Kitty. Dir.: John Strasberg.<\/p>\n<p>2012 &#8211; Days of wine and roses (J. P. Miller). Kirsten. Dir.: Javier Galit\u00f3-Cava.<\/p>\n<p>2012 &#8211; Edna discovers that thing\u2026 (Randy Wyatt). Edna. Dir.: Javier Galit\u00f3-Cava.<\/p>\n<p>2011 &#8211; Bingo Babes (Isabel Duarte). Peggy. Dir.: Javier Galit\u00f3-Cava.<\/p>\n<p>2011 &#8211; Let us be gay (Rachel Crothers). \u00a0Kitty. Dir.: Javier Galit\u00f3-Cava.<\/p>\n<p>2011 &#8211; Feed the hole (Michael Stock). \u00a0Samantha. Dir.: Javier Galit\u00f3-Cava.<\/p>\n<p>2011 &#8211; She\u00b4s the one (Edwards Burns). Heather. Dir.: Javier Galit\u00f3-Cava.<\/p>\n<p><strong>VIDEOCLIPS:<\/strong><\/p>\n<p>2014 \u2013 ARITM\u00c9TICA FORMAL. Videoclip Aritm\u00e9tica. Reparto. Dir.: Be\u00f1at Revuelta.<\/p>\n<p>2012 &#8211; HUMAN ELEVATOR. Videoclip The art of Cheers. Reparto. Dir.: Alan Masferrer. We are Sunday<\/p>\n<p>2012 &#8211; NOT SAFE FOR WORK (\u00abSE PAJEAN\u00bb). Maqueta concurso. Reparto. The Lift y La Lola.<\/p>\n<p>2011 &#8211; UN MINUTO. Videoclip Rub\u00e9n Mu\u00f1oz. Reparto. Dir.: David Felipe. Shark<\/p>\n<p>2011 &#8211; MAKING OFF DE SESI\u00d3N FOTOGR\u00c1FICA. Protag\u00f3nico. Dir.: Rub\u00e9n N\u00fa\u00f1ez. L\u2019ArtVisual.<\/p>\n<p>2010 &#8211; 13 VECES POR MINUTO. Videoclip Uzzuha\u00efa. Reparto. Dir: Aitor Guti\u00e9rrez. Dir.: Caja Box.<\/p>\n<p><strong>\u00a0<\/strong><\/p>\n<p><strong>OTRAS INTERVENCIONES<\/strong><\/p>\n<p>2016 &#8211; V\u00cdDEO GRADUACI\u00d3N U. BLANQUERNA. Dir. Mar\u00eda Girona (Barcelona)<\/p>\n<p>2011 &#8211; BANKIA: Protag\u00f3nico. Simulaci\u00f3n virtual para plataforma de aprendizaje. Oh-learning. (Barcelona)<\/p>\n<p>2010 &#8211; STANHOME. V\u00eddeo corporativo. Reparto. Dir: Pau Sanclemente (Barcelona)<\/p>\n<p><strong>HABILIDADES ESPECIALES: <\/strong>Equitaci\u00f3n, t\u00e9cnicas policiales, sevillanas. Modelo profesional. Periodista, experiencia como portavoz y speaker. Psic\u00f3loga. Coach. Docente. Monitora de tiempo libre. Experiencia trabajando con ni\u00f1os. Carn\u00e9s de conducir: A, B y BTP.<\/p>\n<p><strong>PREMIOS:<\/strong><\/p>\n<p>Mejor Actriz 2011 PREMIOS ENCAG<\/p>\n<p>Festival \u201cCroquis_bcn\u201d 2017<\/p>\n<p><strong>\u00a0<\/strong><\/p>\n<p><strong>IV EDICI\u00d3N FESTIVAL INTERNACIONAL DE CORTOMETRAJES \u201cLUNA DE CORTOS\u201d:<\/strong> miembro del Comit\u00e9 de Selecci\u00f3n y del Jurado Secci\u00f3n Oficial Ficci\u00f3n.<\/p>\n<p><strong>CINEMATOGRAF\u00cdA:<\/strong><\/p>\n<p>2019 \u2013 Y AHORA&#8230; Short. Direcci\u00f3n, guion, casting. Producci\u00f3n ejecutiva. Kintsugi.<\/p>\n<p>2010 &#8211; MAMBO NO HABLA. Short. \u00a0Asistente producci\u00f3n. Dir: Sven A. O. van Aken. Mosquitone.<\/p>\n<p><strong>\u00a0<\/strong><\/p>\n<p><strong>\u00a0<\/strong><\/p>\n<p>[one_third][button link=\u00bbhttp:\/\/www.isabel-llanos.com\/web\/wp-content\/uploads\/2020\/05\/ISABEL-LLANOS-actriz-2020-Versi\u00f3n-extendida.pdf\u00bb newwindow=\u00bbyes\u00bb\u00a0color=\u00bbpurple\u00bb]Descargar CV [\/button][\/one_third] [one_third][button link=\u00bbhttp:\/\/www.imdb.com\/name\/nm4054221\/\u00bb color=\u00bbpurple\u00bb newwindow=\u00bbyes\u00bb]Perfil IMDB [\/button][\/one_third] [one_third_last][button link=\u00bbhttp:\/\/www.isabel-llanos.com\/web\/formacion\/\u00bb]\u00a0VER FORMACI\u00d3N[\/button][\/one_third_last]<\/p>\n<form><input type=\"button\" value=\"Volver\" \/><\/form>\n","protected":false},"excerpt":{"rendered":"<p>CINE \u00a0 Largometrajes 2018 \u2013 LA VIDA SENSE LA SARA AMAT. Dir. Laura Jou. Massa D\u00b4Or\/TV3. 2014 \u2013 ERASMUS \u2013 THE FILM. Reparto. Dir.: Pablo Cosco\/Miguel Pereira. 2012 &#8211; GRAND<\/p>\n<p class=\"more-link\"><a href=\"http:\/\/www.isabel-llanos.com\/web\/cine-y-tv\/\" class=\"readmore\">Seguir leyendo<span class=\"screen-reader-text\">CINE Y TV<\/span><\/a><\/p>\n","protected":false},"author":1,"featured_media":0,"parent":0,"menu_order":3,"comment_status":"open","ping_status":"open","template":"","meta":{"footnotes":""},"class_list":["post-6","page","type-page","status-publish","hentry"],"_links":{"self":[{"href":"http:\/\/www.isabel-llanos.com\/web\/wp-json\/wp\/v2\/pages\/6","targetHints":{"allow":["GET"]}}],"collection":[{"href":"http:\/\/www.isabel-llanos.com\/web\/wp-json\/wp\/v2\/pages"}],"about":[{"href":"http:\/\/www.isabel-llanos.com\/web\/wp-json\/wp\/v2\/types\/page"}],"author":[{"embeddable":true,"href":"http:\/\/www.isabel-llanos.com\/web\/wp-json\/wp\/v2\/users\/1"}],"replies":[{"embeddable":true,"href":"http:\/\/www.isabel-llanos.com\/web\/wp-json\/wp\/v2\/comments?post=6"}],"version-history":[{"count":122,"href":"http:\/\/www.isabel-llanos.com\/web\/wp-json\/wp\/v2\/pages\/6\/revisions"}],"predecessor-version":[{"id":776,"href":"http:\/\/www.isabel-llanos.com\/web\/wp-json\/wp\/v2\/pages\/6\/revisions\/776"}],"wp:attachment":[{"href":"http:\/\/www.isabel-llanos.com\/web\/wp-json\/wp\/v2\/media?parent=6"}],"curies":[{"name":"wp","href":"https:\/\/api.w.org\/{rel}","templated":true}]}}