{"id":524,"date":"2013-02-03T21:42:03","date_gmt":"2013-02-03T21:42:03","guid":{"rendered":"http:\/\/www.isabel-llanos.com\/web\/?page_id=524"},"modified":"2022-01-06T17:03:47","modified_gmt":"2022-01-06T17:03:47","slug":"cv-artistico","status":"publish","type":"page","link":"http:\/\/www.isabel-llanos.com\/web\/cv-artistico\/","title":{"rendered":"ACTRIZ"},"content":{"rendered":"\n<p><strong>CINE<\/strong><\/p>\n\n\n\n<p><strong>Largometrajes<\/strong><\/p>\n\n\n\n<p>2021 \u2013 SENSIBLES. Reparto. Dir. Luca Butturuni. Yonkis del oro. (En rodaje)<\/p>\n\n\n\n<p>2021 \u2013 REINA HORMONA. Reparto. Dir. Enzo Monz\u00f3n. Monz\u00f3n Audiovisuales.<\/p>\n\n\n\n<p>2018 \u2013 LA VIDA SENSE LA SARA AMAT. Dir. Laura Jou. Massa D\u00b4Or\/TV3.<\/p>\n\n\n\n<p>2014 \u2013 ERASMUS \u2013 THE FILM. Reparto. Dir.: Pablo Cosco\/Miguel Pereira.<\/p>\n\n\n\n<p>2012 &#8211; LEYENDAS DE HIDROS. Protag\u00f3nico. Dir: Jordi Les\u00e1n. Grau Films.<\/p>\n\n\n\n<p>2011 &#8211; TENGO GANAS DE TI. Reparto. Dir.: Fernando Gonz\u00e1lez Molina. A3\/Zeta Audiovisual<\/p>\n\n\n\n<p>2011 &#8211; EXTERMINIO BIOL\u00d3GICO. Reparto. Dir: Rub\u00e9n dos Santos. Accidental Frame.<\/p>\n\n\n\n<p>2011 &#8211; [REC 3]: G\u00c9NESIS. Actriz especialista. Dir: Paco Plaza. Filmax.<\/p>\n\n\n\n<p>2011 &#8211; PSICOSIS HOMICIDA. Reparto. Dir: Rub\u00e9n dos Santos. Accidental Frame.<\/p>\n\n\n\n<p><strong>Cortometrajes<\/strong><\/p>\n\n\n\n<p>2021 \u2013 EROPO\u00c9TICA. Protag\u00f3nico. Dir.: Pierre Llanos. ESCAC<\/p>\n\n\n\n<p>2021 \u2013 DE ARMAS TOMAR. Reparto. Dir.: Pau Sanz. ESCAC<\/p>\n\n\n\n<p>2021 \u2013 CARNAZA. Protag\u00f3nico. Dir. Borja N\u00e1ndez. ESCAC<\/p>\n\n\n\n<p><strong>2021<\/strong> \u2013 MARISA. Reparto. Dir. Pablo G\u00f3mez. ESCAC<\/p>\n\n\n\n<p>2020<strong> <\/strong>\u2013<strong> <\/strong>JA NO EXISTEIXO. Reparto. Dir. Luca Butturuni. <a>Yonkis del oro.<\/a><\/p>\n\n\n\n<p>2020 \u2013 C\u00d3MO HACERSE PROSTITUTA. Protag\u00f3nico. Dir.: Claudia Solano. ESCAC<\/p>\n\n\n\n<p><strong>2020<\/strong> \u2013 BICHITO. Reparto. Dir. Cleopatra Rodr\u00edguez. ESCAC<\/p>\n\n\n\n<p><strong>2017 <\/strong>&#8211; CUENTOS CRIMINALES. Reparto. Dir.: Elisabeth Prant. Bande \u00e0 Part<\/p>\n\n\n\n<p><strong>2016 <\/strong>\u2013 LA ORDEN DEL HACHA. Mediometraje hist\u00f3rico. Reparto. Dir.: Alejandro Alc\u00e1ntara. Piedramuda &amp; Open Arts.<\/p>\n\n\n\n<p><strong>2015<\/strong> \u2013 EL C\u00cdRCULO. Reparto. Dir.: V\u00edctor Castillo. Nou Prodigi.<\/p>\n\n\n\n<p>2014 \u2013 CALL ME JOHNNY, PLEASE. Reparto. Dir.: Marta Diego. ESCAC<\/p>\n\n\n\n<p>2014 \u2013 EL D\u00cdA QUE CONOC\u00cd A PAP\u00c1 NOEL. Reparto. Dir.: Carles Tamayo. ESCAC<\/p>\n\n\n\n<p>2014 &#8211; EL BUNKER. Reparto. Dir.: Santiago Zannou. El dedo en el ojo.&nbsp;<\/p>\n\n\n\n<p><strong>2014 &#8211; <\/strong>AMIGO. Reparto. Dir. Marcos Fern\u00e1ndez. ESCAC<\/p>\n\n\n\n<p>2013 &#8211; LA FATARELLA, 1938. Reparto. Dir.: Pau Bertomeu. Delta producions. &nbsp;<\/p>\n\n\n\n<p>2013 &#8211; UN D\u00cdA DE SUERTE. Reparto. Dir.: J. M\u00e9ndez. Nou Prodigi.<\/p>\n\n\n\n<p>2013 &#8211; EL HIPNOTIZADOR. Secundario. Dir.: Daniel Bayona. Cierzo Films.<\/p>\n\n\n\n<p>2013 &#8211; MIND. Reparto. Dir.: Ferran P. Monta\u00f1a. Toolbox<\/p>\n\n\n\n<p><strong>2013<\/strong> &#8211; A MEDIANOCHE. Protag\u00f3nico coral. Dir.: Frank Lucas ESCAC<\/p>\n\n\n\n<p>2012 &#8211; EL PINCHACITO. Reparto. Dir.: Claudia Roca. U. Blanquerna<\/p>\n\n\n\n<p>2012 &#8211; SOMOS. Protag\u00f3nico. Dir.: Claudia Costafreda ESCAC<\/p>\n\n\n\n<p>2012 &#8211; EL CORAZ\u00d3N&nbsp;&nbsp; DELATOR. Reparto. Dir.: Daniel Bayona. Cierzo Films.<\/p>\n\n\n\n<p>2012 &#8211; TERRA PROMESA. Trailerbook. Reparto. Dir.: Oleguer Homs<\/p>\n\n\n\n<p>2012 &#8211; HABITACI\u00d3N 369. Protag\u00f3nico. Dir.: Sandra Mora. &nbsp;Nou Prodigi<\/p>\n\n\n\n<p>2012 &#8211; EL MAR Y LA PALABRA. Secundario. Dir.: Nelson De Benito. Nou Prodigi<\/p>\n\n\n\n<p>2012 &#8211; EL \u00daLTIMO TROFEO. Protag\u00f3nico. Dir: Daniela Gal\u00e1n. Nou Prodigi.<\/p>\n\n\n\n<p>2012 &#8211; EL DIABLO Y EL MAGISTRADO. Reparto. Dir.: Ingrid L\u00f3pez.&nbsp; CECC<\/p>\n\n\n\n<p>2012 &#8211; ANTIGRAVITACI\u00d3N. Protag\u00f3nico. Dir.: Christian Hayer. El dedo en el ojo<\/p>\n\n\n\n<p>2012 &#8211; L\u00b4AIGUAT. (En catal\u00e1n) Protag\u00f3nico. Dir.: Be\u00f1at Revuelta CECC<\/p>\n\n\n\n<p><strong>2012<\/strong> &#8211; Mr. ARTE. Reparto. Dir: Bianca J. Montobbio ECIB<\/p>\n\n\n\n<p>2011 &#8211; DOCUDRAMA CASTILLO DE SANT MART\u00cd SARROCA. Protag\u00f3nico. Dir.: Ram\u00f3n Grau. Grau Films<\/p>\n\n\n\n<p>2011 &#8211; SE VENDE. Secundario. Dir.: Joanna Gillemot<\/p>\n\n\n\n<p>2011 &#8211; ETERNAMENTE JUNTOS. Protag\u00f3nico. Dir.: Jordi Stile. Nou Prodigi.<\/p>\n\n\n\n<p>2011 &#8211; AULAS DE PIEDRA. Reparto. Dir.: Carlos Pineda. CECC<\/p>\n\n\n\n<p>2011 &#8211; EL PROYECTO ROTHSTEIN. Reparto. Dir: Nuria Kearns. Insight Fictions.<\/p>\n\n\n\n<p>2011 &#8211; APARENCES. Secundario. Dir: Ignasi Smendia. Movieon.<\/p>\n\n\n\n<p>2011 &#8211; MALTA 38. Protag\u00f3nico. Dir: Albert Ventallo. ITES.<\/p>\n\n\n\n<p><strong>2011<\/strong> &#8211; MANCEBOS AMUSTIADOS. Reparto. Dir: Patricio Romay. ESCAC<\/p>\n\n\n\n<p>2010 &#8211; DEJA QUE TE DIGA (3D). Reparto. Dir: Gerard G. de Pando. Esc\u00e1ndalo Films.<\/p>\n\n\n\n<p>2010 &#8211; 5 AM. Secundario. Dir: Jessyca Quercia. Se\u00f1al de ajuste.<\/p>\n\n\n\n<p>2010 &#8211; LACRIMA LACRIMAE. Reparto. Dir: \u00c1ngel Grisalvo Mart\u00ednez. El dedo en el ojo.<\/p>\n\n\n\n<p>2010 &#8211; EL PREMIO. Dir.: David Blanco. Batea Films y Fullemotions Films. Para exposici\u00f3n en CCCB: \u201cEl D-efecto Barroco\u201d.<\/p>\n\n\n\n<p>2010 &#8211; PUTAS ZOMBIS. Reparto. Dir: Pedro Ingl\u00e9s. Ad Astra.<\/p>\n\n\n\n<p>2010 &#8211; LA MALETA. Protag\u00f3nico. Dir: Alfons Vi\u00f1as. KNT Producciones.<\/p>\n\n\n\n<p>2010 &#8211; MONTEVERDE. Secundario. Dir: S\u00e9bastien Pasche. El dedo en el ojo.<\/p>\n\n\n\n<p><strong>2010<\/strong> &#8211; NOCHE 321\/MALA NOCHE. Protag\u00f3nico. Dir: Sven A. O. van Aken. Mosquitone.<\/p>\n\n\n\n<p><strong>TV<\/strong><\/p>\n\n\n\n<p>2020 \u2013 MERL\u00cd: SAPERE AUDE. Dir.: Menna Fit\u00e9. Varios cap\u00edtulos. Movistar\/Veranda.<\/p>\n\n\n\n<p>2020 &#8211; EL INOCENTE. Dir.: Oriol Paulo. Sospecha Films\/Think Studio. Netflix<\/p>\n\n\n\n<p>2016 \u2013 THE K2. Serie TV coreana. Dir.: Kwak Jung Hwan. tvN<\/p>\n\n\n\n<p>2015 \u2013 DOCUMENTOS TV \u201cS\u00f3lo por hoy\u201d. Reparto. Dir.: Manuel S\u00e1nchez Pereira TVE<\/p>\n\n\n\n<p>2013 &#8211; LA RIERA (varios caps.) Fig. esp. Dir.: Esteve Rovira. TV3\/Diagonal TV<\/p>\n\n\n\n<p>2012 &#8211; CITA2. Testimonial para web Life in Two. Canal Catal\u00e1 TV<\/p>\n\n\n\n<p>2012 &#8211; KUBALA, MORENO Y MANCH\u00d3N. Cap. 16 Dir.: K. Ru\u00edz\/A. Schaff TV3<\/p>\n\n\n\n<p>2011 &#8211; THE ROTTEN RAIN. Trailer serie. Protag\u00f3nico coral. Dir.: V\u00edctor Masip y Josep Mar\u00eda Bernad\u00f3. Audivio.<\/p>\n\n\n\n<p>2011 &#8211; LA SEXTA. Varios cortes diversa tem\u00e1tica. El Terrat.&nbsp;<\/p>\n\n\n\n<p>2011 &#8211; TODOS SOMOS DE LE\u00d3N. Epis\u00f3dico. Webserie. Dir.: David Moreno.<\/p>\n\n\n\n<p>2011 &#8211; LA PATRULLA. Serie web &#8211; piloto. Secundario. Dir: Fabi\u00e1n Varela. Canal 1001.<\/p>\n\n\n\n<p>2009 &#8211; ACT\u00cdVATE. EL RETO DEL BIENESTAR. Epis\u00f3dico \u201cTaller de risoterapia\u201d<\/p>\n\n\n\n<p>2002 &#8211; PETRA DELICADO. Epis\u00f3dico. TV Alemania. 2002<\/p>\n\n\n\n<p>1999 &#8211; EL COMISARIO (LAS CALLES DE SAN FERNANDO). Piloto. Boca a Boca.<\/p>\n\n\n\n<p><strong>TEATRO<\/strong><\/p>\n\n\n\n<p><strong>2021 <\/strong>\u2013 LA DAMA DE PICAS\/PIKOVAIA DAMA. \u00d3pera. Dir.: Gilber Deflo. Actriz. Gran Teatre del Liceu.<\/p>\n\n\n\n<p>2019 \u2013 VERSOS perVERSOS. Espect\u00e1culo de creaci\u00f3n propia de poes\u00eda esc\u00e9nica. Marsella (Francia)<\/p>\n\n\n\n<p>2019 \u2013 SKETCK \u201cLA VALKIRIA\u201d. Jornada de puertas abiertas. Gran Teatre del Liceu.<\/p>\n\n\n\n<p><strong>2019<\/strong> \u2013 DIONISIO. LA VID\u2026Y MIL NOCHES. Reparto: \u00c1tropos. Dir.: Rafael Amargo. &nbsp;C\u00eda de teatro-danza Rafael Amargo. Teatro Apolo (Barcelona)<\/p>\n\n\n\n<p>2018 \u2013 SKETCK \u201cDIVA\u201d. Jornada de puertas abiertas. Gran Teatre del Liceu<\/p>\n\n\n\n<p><strong>2018<\/strong> \u2013 ESC\u00daCHALO DE MI BOCA. Mon\u00f3logo c\u00f3mico de creaci\u00f3n propia. Hors Lits #1 Le\u00f3n \u00b42018 (Le\u00f3n)<\/p>\n\n\n\n<p>2017 &#8211; -ARAOKE. Reparto. Dir.: J Moyano. C\u00eda. Teatre de L\u00edmit Sala Beckett. Ganadores Festival Croquis_BCN 2017 (Barcelona)<\/p>\n\n\n\n<p>2017 \u2013 FUGA EN M\u00cd MENOR. Reparto y creaci\u00f3n. Colectivo Err\u00e1ticas (gira por 12 provincias espa\u00f1olas)<\/p>\n\n\n\n<p><strong>2017<\/strong> &#8211; WERTHER \u00d3pera. Dir.: Willy Decker. Gran Teatre del Liceu.&nbsp;<\/p>\n\n\n\n<p>2016 \u2013 VERSOS perVERSOS. <a>Espect\u00e1culo de creaci\u00f3n propia de poes\u00eda teatralizada. Veguellina de \u00d3rbigo (Le\u00f3n)<\/a><\/p>\n\n\n\n<p>2016 \u2013 FFFFISH. Reparto. Dir.: J Moyano, L. Send\u00edm, S. Bravo. C\u00eda. Teatre de L\u00edmit&nbsp; (Barcelona)<\/p>\n\n\n\n<p><strong>2016<\/strong> &#8211; LA HISTORIA DE UN \u00c1RBOL. Reparto. Dir.: Carolina Rivas\/Daoud Sarhandi. Creadores contempor\u00e1neos. (Gira)<\/p>\n\n\n\n<p>2015 \u2013 LA MARQUESA DE LARKSPUR LOTION. Reparto. Dir.: Nicol\u00e1s Rivero. Sala Anaglifos (Barcelona)<\/p>\n\n\n\n<p><strong>2015<\/strong> &#8211; LA HISTORIA DE UN \u00c1RBOL. Reparto. Dir.: Carolina Rivas\/Daoud Sarhandi. Creadores contempor\u00e1neos. (Gira)<\/p>\n\n\n\n<p>2014 &#8211; HEADSHOT. Dir.: Kari Margolis. Espai de creaci\u00f2 Fabra i Coast (Barcelona)<\/p>\n\n\n\n<p>2014 &#8211; POR UN TROCITO DE AMOR. Reparto. Dir.: Cristina Rodr\u00edguez. Miniteatres (Barcelona)<\/p>\n\n\n\n<p>2014 &#8211; ANATOM\u00cdA DE UNA MADRE. Reparto. Dir.: Andr\u00e9s Lima. Mas Miravall. Juneda (Lleida)<\/p>\n\n\n\n<p><strong>2014<\/strong> &#8211; LA LEYENDA DE LA CIUDAD INVISIBLE DE KITZEH. \u00d3pera. Dir.: Dmitri Tcherniakov. Actriz. Gran Teatre del Liceu.<\/p>\n\n\n\n<p>2013 &#8211; COMEDIA DELL\u00b4ARTE CON CRISTINA COLTELLI. Dir.: Cristina Coltelli. Sala F\u00e9nix (Barcelona)<\/p>\n\n\n\n<p><strong>2013<\/strong> &#8211; IL TURCO IN ITALIA. <a>\u00d3pera. <\/a>Dir.: Chrystof Loy. Actriz-bailarina. Gran Teatre del Liceu.<\/p>\n\n\n\n<p>2012 -BUENAS TARDES, ME GUSTAR\u00cdA TENER UNA DISCUSI\u00d3N. Reparto. Radioteatro. Dir.: Toni Gass\u00f3. Palau Al\u00f2s (Barcelona)<\/p>\n\n\n\n<p>2012 &#8211; LUBINA AL HORNO. Radioteatro. Reparto. Dir.: Toni Gass\u00f3. Palau Al\u00f2s (Barcelona)<\/p>\n\n\n\n<p><strong>2012<\/strong> &#8211; MISCEL.LANEA. Radioteatro. Reparto. Dir.: Toni Gass\u00f3. Palau Al\u00f2s (Barcelona)<\/p>\n\n\n\n<p><strong>2011<\/strong> &#8211; LA VERBENA DE LA PALOMA. Tabernera. Compa\u00f1\u00eda L\u00edrica Siglo XXI. Dir.: A. Irastorza. Teatro T\u00edvoli (Barcelona)<\/p>\n\n\n\n<p><strong>1999<\/strong> &#8211; LA VENGANZA DE DON MENDO. Marquesa de Terrassa. C\u00eda Acero Azul (\u00c1vila)<\/p>\n\n\n\n<p><strong>1988<\/strong> &#8211; LA CASA DE BERNARDA ALBA. La Poncia. C\u00eda Garc\u00eda Bellido (Le\u00f3n)<\/p>\n\n\n\n<p><strong>PERFORMANCES<\/strong><\/p>\n\n\n\n<p>2021 \u2013 TRILOG\u00cdAS DE ABISMO Y GOZO. Videomanifiesto 25N.Creaci\u00f3n y performance colectiva. C\u00eda #am\u00edNOmecallas. (Barcelona)<\/p>\n\n\n\n<p>2021 \u2013 AU re-VOIR&nbsp;. One-to-one. Pieza perform\u00e1ntica unipersonal de creaci\u00f3n propia. Turquesh (Barcelona)<\/p>\n\n\n\n<p>2019 \u2013 DEL MITO AL RITO HAY 316 SEMILLAS. Creaci\u00f3n y performance colectiva. <a>C\u00eda #am\u00edNOmecallas. <\/a>Espacio V\u00edas (Le\u00f3n).<\/p>\n\n\n\n<p>2018 \u2013 MANIFEST A LA POSTGUERRA VISUAL. Performer. Dir.: Nataly Prada. Mostra d\u2019Art Urb\u00e0 MAU. Granollers<\/p>\n\n\n\n<p>2018 \u2013 DEL MITO AL RITO HAY 316 SEMILLAS. <a>Creaci\u00f3n y performance colectiva. C\u00eda #am\u00edNOmecallas. Nau Bostik (Barcelona)<\/a><\/p>\n\n\n\n<p>2018 \u2013 EL AIRE, HERMANA. Videomanifiesto. Creaci\u00f3n y performance colectiva. C\u00eda #am\u00edNOmecallas. <a>Nau Bostik (Barcelona)<\/a><\/p>\n\n\n\n<p>2018 \u2013 HEMBRAS Y HOMBRE. Fotoperformance. C\u00eda #am\u00edNOmecallas. (Barcelona)<\/p>\n\n\n\n<p>2017 \u2013SILENCIACIONES. Fotoperformance. C\u00eda #am\u00edNOmecallas. (Barcelona)<\/p>\n\n\n\n<p>2015 \u2013 TEMPUS FUGIT. One-to-one. Pieza perform\u00e1tica unipersonal de creaci\u00f3n propia. ArtHostal2 (Barcelona)<\/p>\n\n\n\n<p>2015 &#8211; CAF\u00c9 MINUTO. Pieza perform\u00e1ntica unipersonal de creaci\u00f3n propia. Dir.: Mar\u00eda Stoyanova. Antic Teatre (Barcelona)<\/p>\n\n\n\n<p>2015 &#8211; CAF\u00c9 MINUTO Pieza (Work in progress). Dir.: Mar\u00eda Stoyanova. La Ch\u00e1chara (Barcelona).<\/p>\n\n\n\n<p>2015 &#8211; CAF\u00c9 MINUTO-1to1. One to one. Dir.: Mar\u00eda Stoyanova. La Ch\u00e1chara (Barcelona).<\/p>\n\n\n\n<p>2014 &#8211; LA TERCERA IMATGE. Performances. Dir.: Marcos Morau. Mas Miravall. Juneda (Lleida).<\/p>\n\n\n\n<p>2011 &#8211; SUITE DEL AMOR DOLIDO. Reparto. \u00d3pera visual en 11 performances de Z. Buenvirus. Dir.: Zruh. (Barcelona)<\/p>\n\n\n\n<p><strong>ESPECT\u00c1CULOS PROPIOS <\/strong>(disponibles para contrataci\u00f3n):<strong><\/strong><\/p>\n\n\n\n<ul class=\"wp-block-list\"><li>ESC\u00daCHALO DE MI BOCA. dramaturgia, direcci\u00f3n, interpretaci\u00f3n. Estreno Festival Hors Lits \u2013 Le\u00f3n (2018)<\/li><li>VERSOS perVERSOS. Dramaturgia, direcci\u00f3n, interpretaci\u00f3n. Estreno Veguellina de \u00d3rbigo &#8211; Le\u00f3n (2016).<\/li><li>CAF\u00c9 MINUTO. Dramaturgia e interpretaci\u00f3n. Estreno Sala Antic Teatre \u2013 Barcelona (2015)<\/li><li>HASTA INFINITO Y M\u00c1S ALL\u00c1. Pieza de c\u00f3mica de microteatro. Dramaturgia y direcci\u00f3n. Estreno Sala Anaglifos \u2013 Barcelona (2014).<\/li><\/ul>\n\n\n\n<p><strong>COMPA\u00d1\u00cdAS<br><br><\/strong><\/p>\n\n\n\n<p>Desde julio de 2018 dirige la sede de Le\u00f3n de la red internacional <strong><a href=\"http:\/\/www.horslits.com\/\">Hors Lits<\/a><\/strong>, realizando adem\u00e1s las tareas de coordinaci\u00f3n y comunicaci\u00f3n. Cada edici\u00f3n es un \u00e9xito de cr\u00edtica y asistencia con <em>sould out<\/em>.<\/p>\n\n\n\n<p>Actualmente integrante de los colectivos y compa\u00f1\u00edas:<\/p>\n\n\n\n<ul class=\"wp-block-list\"><li><strong><a href=\"http:\/\/www.prostibulopoetico.com\/\">Prost\u00edbulo Po\u00e9tico<\/a><\/strong>, personaje Shhh, con quienes ha actuado en Espa\u00f1a y Reino Unido, poes\u00eda esc\u00e9nica (desde 2015).<\/li><li><strong><a href=\"https:\/\/www.facebook.com\/teatredelimits\/?fref=ts\">Teatre deL\u00edmits<\/a> <\/strong>creaci\u00f3n colectiva. Obras representadas \u201cFffish\u201d (2016) \u201c\u2013Araoke\u201d (2017) con cuya creaci\u00f3n e interpretaci\u00f3n ganan el Festival Croquis en la Sala Beckett.<\/li><li><strong><a href=\"https:\/\/www.facebook.com\/erraticas17\/\">Err\u00e1ticas<\/a> <\/strong>Poes\u00eda esc\u00e9nica. \u201cFuga en m\u00ed menor\u201d Gira por Espa\u00f1a (2017): L\u00b4Horiginal (Barcelona), Sala de Armas (Pamplona), Belmondo (Le\u00f3n), Universonoro (Palencia), Toma 3 (Gij\u00f3n), Bardeblas (Burgos), Putzuzulo (Zarautz), Arrebato (Zaragoza), La saleta (Lleida), Ca Revolta (Valencia), Zona 3 (Castell\u00f3n), Off Latina (Madrid).<\/li><li><strong><a href=\"https:\/\/www.facebook.com\/A-m%C3%AD-NO-me-callas-518239348556119\/\">#am\u00edNOmecallas<\/a><\/strong> colectivo de investigaci\u00f3n y denuncia art\u00edstica performativa. Varias fotoperformances. Espect\u00e1culos: \u201cDel mito al rito hay 613 semillas\u201d \u201cTrilog\u00edas de abismo y gozo\u201d. Nau Bostik (Barcelona) Espacio V\u00edas (Le\u00f3n), etc. (desde 2017)<\/li><li><strong><a href=\"http:\/\/lameva.barcelona.cat\/barcelonapoesia\/es\/activitat\/20180502\/labios-de-papel-placeres-en-femenino\">Labios de papel<\/a> <\/strong>colectivo de poes\u00eda esc\u00e9nica. Espect\u00e1culos: \u201cPlaceres en femenino\u201d \u201cDesde las ra\u00edces\u201d \u201cCabaret postrom\u00e1ntico\u201d. Rai, Setmana de la Po\u00e8sia de Barcelona (2018, 2019), El Rouge, Fem Fest 2018, etc. (desde 2018).<\/li><\/ul>\n\n\n\n<p><strong>OTROS<\/strong><\/p>\n\n\n\n<p><strong>Monologuista c\u00f3mica:<\/strong> varias salas y actuaciones.<\/p>\n\n\n\n<p><strong>Recitales de poes\u00eda:<\/strong> adem\u00e1s de los proyectos de poes\u00eda esc\u00e9nica antes mencionados, ha sido solicitada para participar en numerosos recitales.<\/p>\n\n\n\n<p>2019 \u2013 \u00c1GORA DE POES\u00cdA. Mansilla de las mulas (Le\u00f3n)<\/p>\n\n\n\n<p>2019 \u2013 Estival po\u00e9tico. La Bot\u00e1nica (Barcelona)<\/p>\n\n\n\n<p>2019 \u2013 GRITO DE MUJER. IX Festival Internacional de Poes\u00eda y arte. Fridas de Barcelona. CC. ALbareda. (Barcelona)<\/p>\n\n\n\n<p>2018 \u2013 IX Encuentro literario. Homenaje a Ferm\u00edn L\u00f3pez Costero. Noceda del Bierzo (Le\u00f3n)<\/p>\n\n\n\n<p>2018 \u2013 Cierre de las Jornadas literarias \u201cC\u00e9sar Valleo y las vanguardias en Le\u00f3n\u201d. Casa-Museo de Leopoldo Panero. Astorga (Le\u00f3n)<\/p>\n\n\n\n<p>2017 \u2013 VIII Encuentro literario. Noceda del Bierzo (Le\u00f3n)<\/p>\n\n\n\n<p><strong>Trabajo de escenas<\/strong>&nbsp;&nbsp;&nbsp;&nbsp;&nbsp;&nbsp;&nbsp;&nbsp;&nbsp;&nbsp;&nbsp;&nbsp;&nbsp;&nbsp;&nbsp;&nbsp; &nbsp;&nbsp;&nbsp;&nbsp;&nbsp;&nbsp;&nbsp;&nbsp;&nbsp;&nbsp;&nbsp;&nbsp;&nbsp;&nbsp;&nbsp;&nbsp;&nbsp;&nbsp;&nbsp;&nbsp;&nbsp;&nbsp;&nbsp;&nbsp;&nbsp; &nbsp;&nbsp;&nbsp;&nbsp;&nbsp;&nbsp;&nbsp;&nbsp;&nbsp;&nbsp;&nbsp;&nbsp;&nbsp;&nbsp; &nbsp;&nbsp;<\/p>\n\n\n\n<p>2015 &#8211; La extra\u00f1a pareja (versi\u00f3n femenina) (Neil Simon). Florence. Dir: Andr\u00e9s Lima.<\/p>\n\n\n\n<p>2014 \u2013 Panorama desde el puente (Arthur Miller) Beatrice. Dir.: Andr\u00e9s Lima.<\/p>\n\n\n\n<p>2014 \u2013 Habitaci\u00f3n 325 (Jordi Zamora). Carmen. Dir: Jordi Zamora.<\/p>\n\n\n\n<p>2014 \u2013 De tal palo tal astilla (Christian Stamm). Igraj. Dir: Christian Stamm.<\/p>\n\n\n\n<p>2014 \u2013 Mathilde (V\u00e9ronique Olmi). Mathilde. Dir: John Strasberg.<\/p>\n\n\n\n<p>2014 &#8211; The killing of Sister George (Frank Marcus). June\/George. Dir: Javier Galit\u00f3-Cava.<\/p>\n\n\n\n<p>2014- An ideal husband (Oscar Wilde). Mrs. Cheveley. Dir: Javier Galit\u00f3-Cava.<\/p>\n\n\n\n<p>2013 &#8211; La extra\u00f1a pareja (versi\u00f3n femenina) (Neil Simon). Olive. Dir: John Strasberg.<\/p>\n\n\n\n<p>2012 &#8211; Doubt (John Patrick Shanley). Sor Aloysius. Dir: Javier Galit\u00f3-Cava.<\/p>\n\n\n\n<p>2012 &#8211; Let us be gay (Rachel Crothers). &nbsp;Kitty. Dir.: John Strasberg.<\/p>\n\n\n\n<p>2012 &#8211; Days of wine and roses (J. P. Miller). Kirsten. Dir.: Javier Galit\u00f3-Cava.<\/p>\n\n\n\n<p>2012 &#8211; Edna discovers that thing\u2026 (Randy Wyatt). Edna. Dir.: Javier Galit\u00f3-Cava.<\/p>\n\n\n\n<p>2011 &#8211; Bingo Babes (Isabel Duarte). Peggy. Dir.: Javier Galit\u00f3-Cava.<\/p>\n\n\n\n<p>2011 &#8211; Let us be gay (Rachel Crothers). &nbsp;Kitty. Dir.: Javier Galit\u00f3-Cava.<\/p>\n\n\n\n<p>2011 &#8211; Feed the hole (Michael Stock). &nbsp;Samantha. Dir.: Javier Galit\u00f3-Cava.<\/p>\n\n\n\n<p>2011 &#8211; She\u00b4s the one (Edwards Burns). Heather. Dir.: Javier Galit\u00f3-Cava.<\/p>\n\n\n\n<p><strong>VIDEOCLIPS:<\/strong><\/p>\n\n\n\n<p>2014 \u2013 ARITM\u00c9TICA FORMAL. Videoclip Aritm\u00e9tica. Reparto. Dir.: Be\u00f1at Revuelta. &nbsp;<\/p>\n\n\n\n<p>2012 &#8211; HUMAN ELEVATOR. Videoclip The art of Cheers. Reparto. Dir.: Alan Masferrer. We are Sunday<\/p>\n\n\n\n<p>2012 &#8211; NOT SAFE FOR WORK (\u00abSE PAJEAN\u00bb). Maqueta concurso. Reparto. The Lift y La Lola.<\/p>\n\n\n\n<p>2011 &#8211; UN MINUTO. Videoclip Rub\u00e9n Mu\u00f1oz. Reparto. Dir.: David Felipe. Shark<\/p>\n\n\n\n<p>2011 &#8211; MAKING OFF DE SESI\u00d3N FOTOGR\u00c1FICA. Protag\u00f3nico. Dir.: Rub\u00e9n N\u00fa\u00f1ez. L\u2019ArtVisual.<\/p>\n\n\n\n<p>2010 &#8211; 13 VECES POR MINUTO. Videoclip Uzzuha\u00efa. Reparto. Dir: Aitor Guti\u00e9rrez. Dir.: Caja Box.<\/p>\n\n\n\n<p><strong>OTRAS INTERVENCIONES<\/strong><\/p>\n\n\n\n<p>2020 \u2013 LA DAMA DE PICAS. Dir. Manel Outumuro. Dramatizaci\u00f3n presentaci\u00f3n \u00f3pera Teatre Liceu (Barcelona)<\/p>\n\n\n\n<p>2016 &#8211; V\u00cdDEO GRADUACI\u00d3N U. BLANQUERNA. Dir. Mar\u00eda Girona (Barcelona)<\/p>\n\n\n\n<p>2011 &#8211; BANKIA: Protag\u00f3nico. Simulaci\u00f3n virtual para plataforma de aprendizaje. Oh-learning. (Barcelona)<\/p>\n\n\n\n<p>2010 &#8211; STANHOME. V\u00eddeo corporativo. Reparto. Dir: Pau Sanclemente (Barcelona)<\/p>\n\n\n\n<p><strong>HABILIDADES ESPECIALES: <\/strong>Equitaci\u00f3n, t\u00e9cnicas policiales, sevillanas. Modelo profesional. Periodista, experiencia como portavoz y speaker. Psic\u00f3loga. Coach. Docente. Monitora de tiempo libre. Experiencia trabajando con ni\u00f1os. Carn\u00e9s de conducir: A, B y BTP.<\/p>\n\n\n\n<p><strong>PREMIOS:<\/strong><\/p>\n\n\n\n<p>Mejor Actriz 2011 PREMIOS ENCAG<\/p>\n\n\n\n<p>Festival \u201cCroquis_bcn\u201d 2017&nbsp;<\/p>\n\n\n\n<p><strong>IV EDICI\u00d3N FESTIVAL INTERNACIONAL DE CORTOMETRAJES \u201cLUNA DE CORTOS\u201d:<\/strong> miembro del Comit\u00e9 de Selecci\u00f3n y del Jurado Secci\u00f3n Oficial Ficci\u00f3n.<\/p>\n\n\n\n<p><strong>CINEMATOGRAF\u00cdA:<\/strong><\/p>\n\n\n\n<p>2019 \u2013 Y AHORA&#8230; Short. Direcci\u00f3n, guion, casting. Producci\u00f3n ejecutiva. Kintsugi.<\/p>\n\n\n\n<p>2010 &#8211; MAMBO NO HABLA. Short. &nbsp;Asistente producci\u00f3n. Dir: Sven A. O. van Aken. Mosquitone.&nbsp;<\/p>\n\n\n\n<p><strong>FORMACI\u00d3N ACTORAL<\/strong><\/p>\n\n\n\n<ul class=\"wp-block-list\"><li><strong>Interpretaci\u00f3n<\/strong><\/li><\/ul>\n\n\n\n<p>2018 &#8211; La mec\u00e1nica de la acci\u00f3n interna. <strong>Raquel P\u00e9rez<\/strong>. Estudi Laura Jou (Barcelona)<\/p>\n\n\n\n<p>2016 &#8211; La lentitud. Taller de investigaci\u00f3n esc\u00e9nica con <strong>Pablo Messiez<\/strong> (Barcelona)<\/p>\n\n\n\n<p>2015 &#8211; Taller \u201cLa cualidad, herramienta art\u00edstica\u201d, <strong>Andr\u00e9s Lima<\/strong>. AISGE (Barcelona)<\/p>\n\n\n\n<p>2014 &#8211; M\u00e9todo Margolis: training y creaci\u00f3n. Niveles I y II. <strong>Kari Margolis<\/strong> AISGE (Barcelona).<\/p>\n\n\n\n<p>2014 &#8211; Taller de interpretaci\u00f3n para actores: la cualidad. <strong>Andr\u00e9s Lima<\/strong> (Juneda &#8211; Lleida)<\/p>\n\n\n\n<p>2014<strong> <\/strong>&#8211; El proceso creativo org\u00e1nico: interpretaci\u00f3n y trabajo de escenas. <strong>Jhon Strasberg<\/strong> (Barcelona)<\/p>\n\n\n\n<p>2013 &#8211; M\u00e9todo Margolis: conexi\u00f3n entre instinto y t\u00e9cnica, imaginaci\u00f3n y respiraci\u00f3n. <strong>Kari Margolis<\/strong> AISGE (Barcelona).<\/p>\n\n\n\n<p>2013 &#8211; T\u00e9cnicas teatrales. <strong>Felipe Cabeza<\/strong>. Sala F\u00e9nix (Barcelona).<\/p>\n\n\n\n<p>2013 &#8211; Mon\u00f3logo teatral. <strong>Felipe Cabezas<\/strong>. Sala F\u00e9nix (Barcelona)<\/p>\n\n\n\n<p>2013 &#8211; El proceso creativo org\u00e1nico: interpretaci\u00f3n y trabajo de escenas. <strong>Jhon Strasberg<\/strong> (Madrid)<\/p>\n\n\n\n<p>2012 &#8211; P.N.L. para actores. <strong>Rober Long<\/strong>. AADPC (Barcelona)<\/p>\n\n\n\n<p>2011\/14 &#8211; Graduada en el Programa T\u00e9cnica Meisner de <strong>Javier Galit\u00f3-Cava<\/strong>.&nbsp; Barcelona.<\/p>\n\n\n\n<p>2014 Movimiento &amp; Voz: <strong>Isabelle Bres<\/strong>.<\/p>\n\n\n\n<p>2013 Voz: t\u00e9cnica Linklater con <strong>Lluisa Sala<\/strong><\/p>\n\n\n\n<p>2012\/2013 Clases magistrales con <strong>Rachel Adler<\/strong>, directora del Waterfront Conservatory de San Francisco U.S.<\/p>\n\n\n\n<p>2011\/2014 <strong>Matthew Graham Smith<\/strong>, Waterfront Conservatory de San Francisco U.S.<\/p>\n\n\n\n<p>2011\/12 &#8211; Estudio Nancy Tu\u00f1\u00f3n: Intensivo de interpretaci\u00f3n. Plan de formaci\u00f3n regular, 1\u00ba. (Barcelona)<\/p>\n\n\n\n<p>Dicci\u00f3n catalana y verso: <strong>Araceli Bruch<\/strong>, <strong>Babet Ripoll<\/strong>.<\/p>\n\n\n\n<p>Interpretaci\u00f3n: <strong>Pepa Fluvi\u00e0<\/strong>, <strong>N\u00faria Catal\u00e0<\/strong>, <strong>Anna Sarrablo<\/strong>, <strong>Esther Solsona<\/strong>.<\/p>\n\n\n\n<p>Voz: <strong>Ruth Bellido<\/strong>.<\/p>\n\n\n\n<p>2011\/2012 &#8211; Col.legi del Teatre: Programa Stanislavski con <strong>Boris Rotenstein<\/strong>. (Barcelona)<\/p>\n\n\n\n<p>2012 &#8211; Taller para actores profesionales con <strong>Jhon Strasberg<\/strong>. Azarte (Madrid)<\/p>\n\n\n\n<p>2010 &#8211; Intensivo de t\u00e9cnica Meisner. <strong>Frank Feys<\/strong>. Workshop Actors (Barcelona).<\/p>\n\n\n\n<p>2009 &#8211; El trabajo del actor sobre s\u00ed mismo. Pr\u00e1ctica y aplicaci\u00f3n del M\u00e9todo Mij\u00e1il Ch\u00e9jov. <strong>Fernanda Castillo<\/strong>. La Bobina (Barcelona)<\/p>\n\n\n\n<p>1988\/89 &#8211; Teatro. IES G. Bellido (Le\u00f3n)<\/p>\n\n\n\n<ul class=\"wp-block-list\"><li><strong>Voz<\/strong><\/li><\/ul>\n\n\n\n<p>2014 &#8211; Taller de canto. <strong>Ona Pla<\/strong>. (Barcelona)<\/p>\n\n\n\n<p>2013 &#8211; T\u00e9cnica Linklater. <strong>Lluisa Sala <\/strong>(Barcelona)<\/p>\n\n\n\n<p>2011 &#8211; <strong>Conferencia Internacional de <\/strong><strong>Fitzmaurice Voicework\u00ae<\/strong><strong> \u201cLibertad y Foco\u201d. Institut del teatre (Barcelona)<\/strong><\/p>\n\n\n\n<p>2011 &#8211; T\u00e9cnica <strong>Fitzmaurice Voicework\u00ae<\/strong><strong>. Institut del teatre (Barcelona)<\/strong><\/p>\n\n\n\n<p>2010 &#8211; T\u00e9cnica vocal. <strong>Mariana Ferreiro<\/strong>. Workshop Actors (Barcelona).<\/p>\n\n\n\n<p>2011\/12 &#8211; Dicci\u00f3n catalana y verso: <strong>Araceli Bruch<\/strong>, <strong>Babet Ripoll<\/strong>. Estudio Nancy Tu\u00f1\u00f3n (Barcelona)<\/p>\n\n\n\n<p>2011\/12 &#8211; Voz y canto: <strong>Ruth Bellido<\/strong>. Estudio Nancy Tu\u00f1\u00f3n (Barcelona)<\/p>\n\n\n\n<ul class=\"wp-block-list\"><li><strong>Cuerpo<\/strong><\/li><\/ul>\n\n\n\n<p>2019 \u2013Workshop Tassels twirling. <strong>Holly\u00b4s Good<\/strong>.&nbsp; (Barcelona)<\/p>\n\n\n\n<p>2019 \u2013Workshop Expresi\u00f3n facial. <strong>Russell Bruner<\/strong>&nbsp; (Barcelona)<\/p>\n\n\n\n<p>2019 \u2013Workshop Guerrera sensual. <strong>La Beti<\/strong>&nbsp; (Barcelona)<\/p>\n\n\n\n<p>2019 \u2013Workshop Potencia esc\u00e9nica. <strong>Sgt. Die Wies<\/strong> (Barcelona)<\/p>\n\n\n\n<p>2019 \u2013Workshop Your bump &amp; grind. <strong>Holly\u00b4s Good<\/strong>&nbsp; (Barcelona)<\/p>\n\n\n\n<p>2016 &#8211; Taller la poes\u00eda de mi cuerpo: creadores. <strong>Alberto Velasco<\/strong> (Barcelona)<\/p>\n\n\n\n<p>2016 &#8211; Taller la poes\u00eda de mi cuerpo: int\u00e9rpretes. <strong>Alberto Velasco<\/strong> (Barcelona)<\/p>\n\n\n\n<p>2015 &#8211; Taller de burlesque. <strong>Louise de Ville<\/strong> (Barcelona)<\/p>\n\n\n\n<p>2014 &#8211; Masterclass \u201cProceso creativo.\u201d <strong>Marcos Morau<\/strong> (Juneda \u2013 Lleida)<\/p>\n\n\n\n<ul class=\"wp-block-list\"><li><strong>Verso cl\u00e1sico y elocuci\u00f3n<\/strong><\/li><\/ul>\n\n\n\n<p>2016 &#8211; Estudio e interpretaci\u00f3n en verso cl\u00e1sico. <strong>Carmelo G\u00f3mez<\/strong> (Barcelona)<\/p>\n\n\n\n<p>2016 &#8211; Elocuci\u00f3n: an\u00e1lisis de la tonalidad del texto. <strong>Coralina Colom<\/strong>. AISGE (Barcelona)<\/p>\n\n\n\n<ul class=\"wp-block-list\"><li><strong>Clown<\/strong><\/li><\/ul>\n\n\n\n<p>2016 &#8211; Clown con <strong>Philippe Gaulier<\/strong>.<\/p>\n\n\n\n<ul class=\"wp-block-list\"><li><strong>Comedia dell\u00b4arte<\/strong><\/li><\/ul>\n\n\n\n<p>2013 &#8211; Stage internacional de Commedia dell\u00b4Arte. <strong>Cristina Coltelli<\/strong>. Sala F\u00e9nix (Barcelona).<\/p>\n\n\n\n<p>2011\/2014 &#8211; <strong>Matthew Graham Smith<\/strong>, Waterfront Conservatory de San Francisco U.S.<\/p>\n\n\n\n<ul class=\"wp-block-list\"><li><strong>Performance<\/strong><\/li><\/ul>\n\n\n\n<p>2021 \u2013 Teor\u00eda y pr\u00e1ctica de la performance. <strong>Abel Azcona<\/strong>. (Madrid)<\/p>\n\n\n\n<p>2021 \u2013 Arte, performance y disidencia. <strong>Abel Azcona<\/strong>.<\/p>\n\n\n\n<p>2015 &#8211; Experimental sensescape. Workshop. <strong>Lotus Lykke Skov<\/strong> (Barcelona)<\/p>\n\n\n\n<p>2015 &#8211; Human Specific Performance. Workshop. <strong>Nullo Facchini &amp; Siri Facchini Haff &#8211; Cantabile2<\/strong> (Barcelona)<\/p>\n\n\n\n<p>2015 &#8211; Immersive film. Workshop. <strong>Bombina Bombast<\/strong> (Barcelona).<\/p>\n\n\n\n<p>2015 &#8211; Atelier anual de creaci\u00f3n esc\u00e9nica. <strong>Mar\u00eda Stoyanova<\/strong> (Barcelona)<\/p>\n\n\n\n<p>2014 &#8211; Taller de creaci\u00f3n esc\u00e9nica. <strong>Mar\u00eda Stoyanova<\/strong> (Barcelona)<\/p>\n\n\n\n<ul class=\"wp-block-list\"><li><strong>Improvisaci\u00f3n<\/strong><\/li><\/ul>\n\n\n\n<p>2013 &#8211; Taller de improvisaci\u00f3n. <strong>\u00c1ngel Gal\u00e1n<\/strong>. Planeta Impro (Barcelona)<\/p>\n\n\n\n<p>1997 &#8211; Match de improvisaci\u00f3n. INJUVE (Le\u00f3n)<\/p>\n\n\n\n<ul class=\"wp-block-list\"><li><strong>Comedia<\/strong><\/li><\/ul>\n\n\n\n<p>2019\/20 &#8211; Anual de mon\u00f3logos c\u00f3micos. <strong>Gabriel C\u00f3rdoba<\/strong>. Stand Up Comedy (Barcelona)<\/p>\n\n\n\n<p>2019 &#8211; Trimestral de mon\u00f3logos c\u00f3micos. <strong>Gabriel C\u00f3rdoba<\/strong>. Stand Up Comedy (Barcelona)<\/p>\n\n\n\n<p>2018 &#8211; Intensivo de mon\u00f3logos. <strong>Gabriel C\u00f3rdoba<\/strong>. Stand Up Comedy (Barcelona)<\/p>\n\n\n\n<ul class=\"wp-block-list\"><li><strong>Actuaci\u00f3n para la c\u00e1mara<\/strong><\/li><\/ul>\n\n\n\n<p>2013 &#8211; T\u00e9cnicas de interpretaci\u00f3n. Interpretaci\u00f3n ante la c\u00e1mara. <strong>Pep Armengol<\/strong>. Porta 4 (Barcelona)<\/p>\n\n\n\n<p>2012 &#8211; <strong>La historia del cine en cinco secuencias, una sombra y un travelling. <\/strong><strong>Luis Aller<\/strong><strong>. Bande \u00e0 Part (Barcelona)<\/strong><\/p>\n\n\n\n<p>2012 &#8211; Masterclass: actor en cine y TV. <strong>Assumpta Serna<\/strong> y <strong>Scott Cleverdon<\/strong>. First Team (Madrid)<\/p>\n\n\n\n<p><strong>2011 &#8211; Seminario \u201cEl actor y la C\u00e1mara\u201d <\/strong><strong>Santiago Zannou<\/strong>. La Bobina (Barcelona)<\/p>\n\n\n\n<p>2011 &#8211; Interpretaci\u00f3n ante la c\u00e1mara: <strong>Esteve Rovira<\/strong>, <strong>Roger Pere<\/strong>. Set d\u00b4acci\u00f3. (Barcelona)<\/p>\n\n\n\n<p>2011 &#8211; Masterclass Interpretaci\u00f3n ante la c\u00e1mara. <strong>Pablo Silberschmidt<\/strong>. Silberestudio.<\/p>\n\n\n\n<p>2010 &#8211; Interpretaci\u00f3n ante la c\u00e1mara: <strong>Esteve Rovira<\/strong>, <strong>Santi Ib\u00e1\u00f1ez<\/strong>, <strong>Daniel Ses\u00e9<\/strong>. Set d\u00b4acci\u00f3. (Barcelona)<\/p>\n\n\n\n<ul class=\"wp-block-list\"><li><strong>Combate esc\u00e9nico<\/strong><\/li><\/ul>\n\n\n\n<p>2012 &#8211; Combate esc\u00e9nico. <strong>Valentina Calandriello<\/strong>, Diplomada maestro de esgrima y combate esc\u00e9nico por British Academy of Dramatic Combat de Londres (Barcelona).<\/p>\n\n\n\n<ul class=\"wp-block-list\"><li><strong>Dramaturgia<\/strong><\/li><\/ul>\n\n\n\n<p>2020 \u2013 Cuenta lo que viste. <strong>Pablo Messiez<\/strong>. Nuevo Teatro Fronterizo (Madrid)<\/p>\n\n\n\n<p>2020 &#8211; De lo que no existe (pero deseo que exista) trazar\u00e9 un mapa. <strong>Alberto Conejero<\/strong>. Sala Beckett (Barcelona)<\/p>\n\n\n\n<p>2017 &#8211; Dramaturgia actoral. <strong>Jos\u00e9 Sanchis Sinisterra<\/strong>. Act\u00faa (Barcelona)<\/p>\n\n\n\n<p>2017 &#8211; Escritura y creaci\u00f3n para actores: nivel II. <strong>Alejandra Jim\u00e9nez Gasc\u00f3n<\/strong>. Nau Inanow (Barcelona)<\/p>\n\n\n\n<p>2017 &#8211; Actuar, dirigir y escribir historias en escena. <strong>Alfredo Sanzol<\/strong>. Sala Beckett (Barcelona)<\/p>\n\n\n\n<p>2017 &#8211; Escritura y creaci\u00f3n para actores: nivel I. <strong>Alejandra Jim\u00e9nez Gasc\u00f3n<\/strong>. Nau Inanow (Barcelona)<\/p>\n\n\n\n<p>2016 &#8211; Arquitectura argumental. <strong>Dar\u00edo Facal<\/strong>. Nuevo Teatro Fronterizo (Madrid)<\/p>\n\n\n\n<p>2014 &#8211; Masterclass \u201cDramaturgia actoral\u201d. <strong>Jos\u00e9 Sanchis Sinesterra<\/strong> (Juneda \u2013 Lleida).<\/p>\n\n\n\n<p>2012 &#8211; El actor frente al gui\u00f3n. <strong>Salva Martos Cort\u00e9s<\/strong>. The Cine (Barcelona)<\/p>\n\n\n\n<ul class=\"wp-block-list\"><li><strong>Producci\u00f3n, t\u00e9cnicas de m\u00e1rketing, casting<\/strong><\/li><\/ul>\n\n\n\n<p>2021 \u2013 <strong>Selftape<\/strong> y t\u00e9cnicas de <strong>doblaje<\/strong>. Desaf\u00edate como actor.<\/p>\n\n\n\n<p>2019\/20 &#8211; Anual de m\u00e1rketing del actor. <strong>David Victori<\/strong> (Barcelona)<\/p>\n\n\n\n<p>2019 &#8211; Taller de m\u00e1rketing del actor. <strong>David Victori<\/strong> (Barcelona)<\/p>\n\n\n\n<p>2015 &#8211; Curso \u201c<strong>Producci\u00f3n y gesti\u00f3n<\/strong> de artes esc\u00e9nicas para creadores\u201d <strong>Eduard Abell\u00f3, Cristina Calvet, Alba Cay\u00f3n, Marc Gall, Iva Horvar, Pia Mazuela, Montserrat Prat, Anne Shopie Raybaut-P\u00e9r\u00e8s, Ana S\u00e1nchez<\/strong> AADPC (Barcelona)<\/p>\n\n\n\n<p>2013 &#8211; T\u00e9cnicas de casting. <strong>Tonucha Vidal<\/strong> (Globomedia) Complot Esc\u00e9nico (Barcelona)<\/p>\n\n\n\n<p>2012 &#8211; T\u00e9cnicas de casting y marketing del actor. <strong>Romina Cocca<\/strong>. (Barcelona)<\/p>\n\n\n\n<p>2012 &#8211; Taller de casting con <strong>Andr\u00e9s Cuenca<\/strong> (Globomedia) Azarte (Madrid)<\/p>\n\n\n\n<p>2011 &#8211; Taller de casting de El Terrat. <strong>Maite Buenafuente<\/strong> y <strong>Estefania Guilarte<\/strong>. (Barcelona)<\/p>\n","protected":false},"excerpt":{"rendered":"<p>CINE Largometrajes 2021 \u2013 SENSIBLES. Reparto. Dir. Luca Butturuni. Yonkis del oro. (En rodaje) 2021 \u2013 REINA HORMONA. Reparto. Dir. Enzo Monz\u00f3n. Monz\u00f3n Audiovisuales. 2018 \u2013 LA VIDA SENSE LA<\/p>\n<p class=\"more-link\"><a href=\"http:\/\/www.isabel-llanos.com\/web\/cv-artistico\/\" class=\"readmore\">Seguir leyendo<span class=\"screen-reader-text\">ACTRIZ<\/span><\/a><\/p>\n","protected":false},"author":1,"featured_media":0,"parent":0,"menu_order":0,"comment_status":"open","ping_status":"open","template":"","meta":{"footnotes":""},"class_list":["post-524","page","type-page","status-publish","hentry"],"_links":{"self":[{"href":"http:\/\/www.isabel-llanos.com\/web\/wp-json\/wp\/v2\/pages\/524","targetHints":{"allow":["GET"]}}],"collection":[{"href":"http:\/\/www.isabel-llanos.com\/web\/wp-json\/wp\/v2\/pages"}],"about":[{"href":"http:\/\/www.isabel-llanos.com\/web\/wp-json\/wp\/v2\/types\/page"}],"author":[{"embeddable":true,"href":"http:\/\/www.isabel-llanos.com\/web\/wp-json\/wp\/v2\/users\/1"}],"replies":[{"embeddable":true,"href":"http:\/\/www.isabel-llanos.com\/web\/wp-json\/wp\/v2\/comments?post=524"}],"version-history":[{"count":23,"href":"http:\/\/www.isabel-llanos.com\/web\/wp-json\/wp\/v2\/pages\/524\/revisions"}],"predecessor-version":[{"id":766,"href":"http:\/\/www.isabel-llanos.com\/web\/wp-json\/wp\/v2\/pages\/524\/revisions\/766"}],"wp:attachment":[{"href":"http:\/\/www.isabel-llanos.com\/web\/wp-json\/wp\/v2\/media?parent=524"}],"curies":[{"name":"wp","href":"https:\/\/api.w.org\/{rel}","templated":true}]}}