{"id":107,"date":"2012-07-31T20:09:55","date_gmt":"2012-07-31T20:09:55","guid":{"rendered":"http:\/\/www.isabel-llanos.com\/web\/?page_id=107"},"modified":"2015-11-23T22:24:57","modified_gmt":"2015-11-23T22:24:57","slug":"fotos","status":"publish","type":"page","link":"http:\/\/www.isabel-llanos.com\/web\/fotos\/","title":{"rendered":"Modelo"},"content":{"rendered":"<h1>PASARELA<\/h1>\n<ul>\n<li>Desfile Semana Internacional de la Moda \u2013 Pasarela Cibeles (Madrid). Firmas: Dona Fern,\u00a0 Superl\u00ednea, Elena Mir\u00f3. 2002<\/li>\n<li>Desfile para Superl\u00ednea, C.C.\u00a0 La Maquinista (Barcelona) 2002<\/li>\n<li>Desfile para Superl\u00ednea, Benicarl\u00f3 (Castell\u00f3n) 2002<\/li>\n<li>Desfile para Superl\u00ednea, (Olot, Girona). 2002<\/li>\n<li>Desfile multimarca \u201cVinaroz est\u00e1 de moda\u201d, Vinaroz (Castell\u00f3n) 2003<\/li>\n<li>Desfile como modelo con exclusividad para Modes Clara dentro de \u201cBenicarl\u00f3 est\u00e1 de moda\u201d, Benicarl\u00f3 (Castell\u00f3n). 2003<\/li>\n<li>Desfiles (varios) \u201cPrimavera-verano 2004\u201d Prontomoda-Montigal\u00e1 Firmas: Dumay, RM, Pastor Moda, Christian Menaro, Joanna, Censured, Ana y Moda. (Barcelona) 2004<\/li>\n<li>Desfiles (varios) \u201cOto\u00f1o-invierno 2007\/08\u201d Prontomoda-Montigal\u00e1 Firmas: Dumay, RM, Pastor Moda, Christian Menaro, Joanna, Censured, Ana y Moda. (Barcelona) 2004<\/li>\n<li>Desfile \u201cBenicarl\u00f3 est\u00e1 de moda\u201d, (Benicarl\u00f3, Castell\u00f3n). 2004<\/li>\n<li>Desfile \u201cAgua de Bilbao\u201d. Firmas: Olyly, Moda d\u00b4Italia, (Castelldefels, Barcelona) 2004<\/li>\n<li>Desfile (varios) Semana Internacional de la Moda-SIMM, Firmas: Dumay, RM, Pastor Moda, Christian Menaro, Joanna, Censured, Ana y Moda (Madrid) 2005<\/li>\n<li>Desfiles (varios) \u201cPrimavera-verano 2005\u201d Prontomoda-Montigal\u00e1 Firmas Dumay, RM, Joanna, Ana y Moda (Barcelona) 2005<\/li>\n<li>Desfile para Marina Rinaldi (Barcelona) 2005<\/li>\n<li>Desfile multimarca \u201cBenicarl\u00f3 est\u00e1 de moda\u201d (Castell\u00f3n) 2005<\/li>\n<li>Desfiles (varios) en \u201cFeria de la franquicia\u201d (Barcelona) 2005<\/li>\n<li>Desfile en multimarca en Vilafranca del Penedes (Barcelona) 2006<\/li>\n<li>Desfiles (varios) \u201cFeria de la franquicia\u201d Firmas: October y Fox Fibre (Barcelona) 2007<\/li>\n<li>Desfile multimarca \u201cBenicarl\u00f3 est\u00e1 de moda\u201d (Castell\u00f3n) 2007<\/li>\n<li>Desfile \u201cThe Emotions Colletion\u201d del Istituto Europeo di Desing para la dise\u00f1adora Sonia Serrano (Barcelona) 2007<\/li>\n<li>Desfile para Marina Rinaldi\u201d (Barcelona) 2007<\/li>\n<li>Desfile \u201cModa Oto\u00f1o 2007\u201d Firmas: El Corte Ingl\u00e9s, Evans, Atenea (Madrid) 2007<\/li>\n<li>Desfiles (varios) en Prontomoda-Montigal\u00e1. Firmas: RM &amp; Dumay, Joanna, Susana Eva (Barcelona) 2007<\/li>\n<li>Desfile para firmas Kanebo, Silken, Diver Sal\u00f3n (Barcelona) 2008<\/li>\n<li>Desfile CURVES FASHION DAY, firmas Mim\u00e8tik y joyer\u00eda La Lola (Barcelona) 2011<\/li>\n<li>Desfile revista PLUS+MODA, firmas Lunap\u00eda, Censured, Kurokai, Kanak, Jos\u00e9 Rivero (Barcelona) 2013<\/li>\n<\/ul>\n<p>&nbsp;<\/p>\n<h1>CAT\u00c1LOGOS<\/h1>\n<ul>\n<li>Colecci\u00f3n primavera\/verano 2003: SPG.<\/li>\n<li>Colecci\u00f3n oto\u00f1o\/invierno 2003: Maximoda.<\/li>\n<li>Colecci\u00f3n Ba\u00f1o verano 2004: Nina de Mar de Difussi\u00f3 Bany S.L. (Igualada).<\/li>\n<li>Colecci\u00f3n primavera\/verano 2004: SPG. (Barcelona).<\/li>\n<li>Colecci\u00f3n oto\u00f1o\/invierno 2004: SPG. (Barcelona).<\/li>\n<li>Colecci\u00f3n oto\u00f1o\/invierno 2004: Pastor Moda. (Montigal\u00e1-Barcelona).<\/li>\n<li>Colecci\u00f3n Fiesta y Ceremonia primavera\/verano 2005: Luisa Jaro y Chirstian Menaro (Barcelona).<\/li>\n<li>Colecci\u00f3n primavera\/verano 2005: SPG. (Barcelona).<\/li>\n<li>Colecci\u00f3n Fiesta y Ceremonia oto\u00f1o\/invierno 2005\/06: Luisa Jaro y Christian Menaro (Barcelona).<\/li>\n<li>Colecci\u00f3n oto\u00f1o\/invierno 2005\/06: SPG. (Barcelona).<\/li>\n<li>Colecci\u00f3n oto\u00f1o\/invierno 2005\/06: MAITE GUALLAR del Grupo MasterModa (Tarragona).<\/li>\n<li>Colecci\u00f3n oto\u00f1o\/invierno 2005\/06: BLAU &amp; MARI del grupo MasterModa (Tarragona).<\/li>\n<li>Colecci\u00f3n oto\u00f1o\/invierno 2005\/06: TRESMA. (Barcelona).<\/li>\n<li>Colecci\u00f3n oto\u00f1o\/invierno 2005\/06: SODRAP. (Zaragoza).<\/li>\n<li>Colecci\u00f3n primavera\/verano 2006: MAITE GUALLAR del Grupo MasterModa (Tarragona).<\/li>\n<li>Colecci\u00f3n primavera\/verano 2006: BLAU &amp; MARI del grupo MasterModa (Tarragona).<\/li>\n<li>Colecci\u00f3n Fiesta y Ceremonia primavera\/verano 2006: Luisa Jaro y Christian Menaro (Barcelona).<\/li>\n<li>Colecci\u00f3n primavera\/verano 2006: TRESMA. (Barcelona).<\/li>\n<li>Colecci\u00f3n primavera\/verano 2006: SPG. (Barcelona).<\/li>\n<li>Colecci\u00f3n primavera\/verano 2006: SODRAP. (Zaragoza).<\/li>\n<li>Colecci\u00f3n Fiesta y Ceremonia oto\u00f1o\/invierno 2006\/07: Luisa Jaro y Christian Menaro (Barcelona).<\/li>\n<li>Colecci\u00f3n oto\u00f1o\/invierno 2006\/07: TRESMA. (Barcelona).<\/li>\n<li>Colecci\u00f3n oto\u00f1o\/invierno 2006\/07: SPG. (Barcelona).<\/li>\n<li>Colecci\u00f3n oto\u00f1o\/invierno 2006\/07: SODRAP. (Zaragoza).<\/li>\n<li>Colecci\u00f3n Fiesta, Novias y Ceremonia primavera\/verano 2007: Luisa Jaro y Christian Menaro (Barcelona).<\/li>\n<li>Colecci\u00f3n primavera\/verano 2007: TRESMA. (Barcelona).<\/li>\n<li>Colecci\u00f3n primavera\/verano 2007: SPG. (Barcelona).<\/li>\n<li>Colecci\u00f3n primavera\/verano 2007: SODRAP. (Zaragoza).<\/li>\n<li>Colecci\u00f3n oto\u00f1o\/invierno 2007\/08: MAPANTS (Sabadell).<\/li>\n<li>Colecci\u00f3n Ba\u00f1o oto\u00f1o\/invierno 2007\/08: EFA. (Barcelona).<\/li>\n<li>Colecci\u00f3n Fiesta y Ceremonia oto\u00f1o\/invierno 2007\/08: Luisa Jaro y Christian Menaro (Barcelona).<\/li>\n<li>Colecci\u00f3n oto\u00f1o\/invierno 2007\/08: NOOS-NOOS (Badalona).<\/li>\n<li>Colecci\u00f3n oto\u00f1o\/invierno 2007\/08: SPG. (Barcelona).<\/li>\n<li>Colecci\u00f3n oto\u00f1o\/invierno 2007\/08: ZSA-ZSA. (Barcelona).<\/li>\n<li>Colecci\u00f3n oto\u00f1o\/invierno 2007\/08: TRESMA. (Barcelona).<\/li>\n<li>Colecci\u00f3n primavera\/verano 2008: SODRAP. (Zaragoza).<\/li>\n<li>Colecci\u00f3n primavera\/verano 2008\/09:LA TIENDA DE LOL\u00cdN.(Barcelona).<\/li>\n<li>Colecci\u00f3n primavera\/verano 2008\/09: MAPANTS (Sabadell).<\/li>\n<li>Colecci\u00f3n Ba\u00f1o competici\u00f3n 2008\/09: EFA. (Barcelona).<\/li>\n<li>Colecci\u00f3n ADOLFO DOM\u00cdNGUEZ, web Privalia. (Barcelona).<\/li>\n<li>Colecci\u00f3n de primavera\/verano 2008: NOOS-NOOS (Badalona).<\/li>\n<li>Colecci\u00f3n primavera\/verano 2008: SPG. (Barcelona).<\/li>\n<li>Colecci\u00f3n primavera\/verano 2008: TRESMA. (Barcelona).<\/li>\n<li>Colecci\u00f3n primavera\/verano 2008: SODRAP. (Zaragoza).<\/li>\n<li>Colecci\u00f3n oto\u00f1o\/invierno 2008\/09: BIG &amp; BEAUTY (Barcelona).<\/li>\n<li>Colecci\u00f3n oto\u00f1o\/invierno 2008\/09: SPG. (Barcelona).<\/li>\n<li>Cat\u00e1logo t\u00e9cnico material ortop\u00e9dico PROT POINT 2008\/09 (Barcelona).<\/li>\n<li>Colecci\u00f3n primavera\/verano 2009: TRESMA. (Barcelona).<\/li>\n<li>Colecci\u00f3n oto\u00f1o\/invierno 2009\/10: TRESMA. (Barcelona).<\/li>\n<li>Colecci\u00f3n primavera\/verano 2010: MAPANTS (Sabadell).<\/li>\n<li>Colecci\u00f3n oto\u00f1o\/invierno 2010\/11: MAPANTS (Sabadell).<\/li>\n<li>Colecci\u00f3n primavera\/verano 2011: MAPANTS (Sabadell).<\/li>\n<li>Colecci\u00f3n oto\u00f1o\/invierno 2011\/12: MAPANTS (Sabadell).<\/li>\n<li>Colecci\u00f3n primavera\/verano 2012: MAPANTS (Sabadell).<\/li>\n<li>Colecci\u00f3n oto\u00f1o\/invierno 2012\/13: MAPANTS (Sabadell).<\/li>\n<li>Colecci\u00f3n primavera\/verano 2013: MAPANTS (Sabadell).<\/li>\n<li>Colecci\u00f3n 2012\/13: TRIBUS (Barcelona).<\/li>\n<li>Colecci\u00f3n oto\u00f1o\/invierno 2013\/14: MAPANTS (Sabadell).<\/li>\n<\/ul>\n<p>&nbsp;<\/p>\n<h1>SHOW ROOM<\/h1>\n<ul>\n<li>Colecci\u00f3n primavera-verano 2002. Confecciones Mariano Guijarro, Aranda de Duero (Burgos) 2001<\/li>\n<li>Colecci\u00f3n primavera-verano 2002. Confecciones Mariano Guijarro, Aranda de Duero (Burgos) 2001<\/li>\n<li>Colecci\u00f3n oto\u00f1o-invierno 04\/05 Pandora (L\u00ednea Talla Grande de Escorpi\u00f3n) Barcelona 2003<\/li>\n<li>Colecci\u00f3n primavera-verano 2004. General Import (Importador Marina Rinaldi)\u00a0 Barcelona 2003<\/li>\n<li>Colecci\u00f3n oto\u00f1o-invierno 05\/06 Pandora (L\u00ednea Talla Grande Escorpi\u00f3n) Barcelona 2005<\/li>\n<li>En exclusiva para El Corte Ingl\u00e9s: Colecci\u00f3n oto\u00f1o-invierno 05\/06. Pandora (L\u00ednea Talla Grande de Escorpi\u00f3n) Madrid 2005<\/li>\n<li>Colecci\u00f3n primavera-verano 2006 Pandora (L\u00ednea Talla Grande Escorpi\u00f3n) Barcelona 2006<\/li>\n<li>En exclusiva para El Corte Ingl\u00e9s: Colecci\u00f3n primavera-verano 2006. Pandora (L\u00ednea Talla Grande de Escorpi\u00f3n) Madrid 2006<\/li>\n<li>Colecci\u00f3n oto\u00f1o-invierno 06\/07. Pandora (L\u00ednea Talla Grande Escorpi\u00f3n) Barcelona 2007<\/li>\n<li>Colecci\u00f3n oto\u00f1o-invierno 06\/07.En exclusiva para El Corte Ingl\u00e9s: Pandora (L\u00ednea Talla Grande de Escorpi\u00f3n) Madrid 2007<\/li>\n<li>Colecci\u00f3n primavera-verano 2007 Pandora (L\u00ednea Talla Grande Escorpi\u00f3n) Barcelona 2007<\/li>\n<li>Colecci\u00f3n primavera-verano 2007. En exclusiva para El Corte Ingl\u00e9s: Pandora (L\u00ednea Talla Grande de Escorpi\u00f3n) Madrid 2006<\/li>\n<li>Colecci\u00f3n oto\u00f1o-invierno 07\/08. Pandora (L\u00ednea Talla Grande Escorpi\u00f3n) Barcelona 2007<\/li>\n<li>Colecci\u00f3n oto\u00f1o-invierno 07\/08. En exclusiva para El Corte Ingl\u00e9s: Pandora (L\u00ednea Talla Grande de Escorpi\u00f3n) Madrid 2007<\/li>\n<li>Barcelona Bridal Week &#8211; Feria NOVIAESPA\u00d1A, stand Christian Menaro: trajes de novia y ceremonia. Barcelona 2007<\/li>\n<li>Colecci\u00f3n primavera-verano 2008 Pandora (L\u00ednea Talla Grande Escorpi\u00f3n) Barcelona 2007<\/li>\n<li>Colecci\u00f3n primavera-verano 2008.En exclusiva para El Corte Ingl\u00e9s: Pandora (L\u00ednea Talla Grande de Escorpi\u00f3n) Madrid \u00a02007<\/li>\n<li>Colecci\u00f3n oto\u00f1o-invierno 08\/09. En exclusiva para El Corte Ingl\u00e9s: Pandora (L\u00ednea Talla Grande de Escorpi\u00f3n) Madrid 2008<\/li>\n<li>Colecci\u00f3n primavera-verano 2009. En exclusiva para El Corte Ingl\u00e9s: Pandora (L\u00ednea Talla Grande de Escorpi\u00f3n) Madrid 2009<\/li>\n<\/ul>\n<h1>PUBLICIDAD<\/h1>\n<ul>\n<li>COMFORTISSE BRA ZIP ON, Industex S.L. Spot. Poc (Barcelona) 2015<\/li>\n<li>RESPIMAT. Spot. Modelo de manos. Visualmedia (Barcelona) 2013<\/li>\n<li>SEAT: cat\u00e1logo nuevo Exeo (Barcelona) 2011<\/li>\n<li>Generalitat de Catalunya: campa\u00f1a \u201cEquipaments\u201d (Barcelona) 2010<\/li>\n<li>S\u00edntesis XL(Madrid) 2006<\/li>\n<li>Modes Clara: Benicarl\u00f3 (Castell\u00f3n) 2004<\/li>\n<li>Boutique Mar\u00edtim: Castelldefels (Barcelona) 2002<\/li>\n<\/ul>\n<p>&nbsp;<\/p>\n<h1>MODELO DE PATRONAJE<\/h1>\n<ul>\n<li>Pandora (L\u00ednea Talla Grande de Escorpi\u00f3n): noviembre 2004 &#8211; enero 2008<\/li>\n<li>Leyca (Montigal\u00e1-Barcelona): mayo 2005 \u2013 diciembre 2006.<\/li>\n<li>Mastermoda (Tarragona): septiembre 2006 \u2013 enero 2008.<\/li>\n<li>Noos-Noos. (Badalona-Barcelona): 2007.<\/li>\n<\/ul>\n<p>&nbsp;<\/p>\n<h1>PUBLICACIONES<\/h1>\n<ul>\n<li>REVISTA PLUS+MODA: Portada. N\u00fam. 2, marzo 2014.<\/li>\n<li>REVISTA PLUS+MODA: editorial dise\u00f1ador Jos\u00e9 Rivero. N\u00fam. 2, marzo 2014.<\/li>\n<li>REVISTA MAGNOLIA: especializada en tallas grandes. Portada n\u00fam. septiembre 2005.<\/li>\n<li>REVISTA MAGNOLIA: especializada en tallas grandes. Portada n\u00fam. febrero 2006.<\/li>\n<li>REVISTA PATRONES: n\u00fam. 38 Especial Tallas Grandes primavera-verano 2007: reportaje.<\/li>\n<li>REVISTA PATRONES: n\u00fam. 40 Especial Tallas Grandes primavera-verano 2008: reportaje.<\/li>\n<li>REVISTA PATRONES: n\u00fam. 268: \u201cPatrones Extra\u201d, reportaje.<\/li>\n<\/ul>\n<p>&nbsp;<\/p>\n<h1>TV<\/h1>\n<ul>\n<li><strong>Programa CHANEL 4, Canal 4<\/strong>: Desfile presentaci\u00f3n de la colecci\u00f3n de primavera\/verano 2007 de la firma <strong>DIVIERTETE<\/strong> de Tet\u00e9 Delgado 2007<\/li>\n<li><strong>Programa TVist, TV3<\/strong>: Desfile colecciones primavera\/verano 2007 firmas <strong>DIVIERTETE y ANDREA BOSS\u00c9<\/strong>. 2007<\/li>\n<li><strong>Programa El Club, TV3<\/strong>: Desfile presentaci\u00f3n de la colecci\u00f3n de primavera\/verano 2007 de la firma <strong>DIVIERTETE<\/strong> de Tet\u00e9 Delgado 2007<\/li>\n<li><strong>Programa El Club, TV3<\/strong>: Desfile de la colecci\u00f3n de primavera\/verano 2007 de la firma <strong>LA TIENDA<\/strong><strong> DE LOL\u00cdN<\/strong>. 2007<\/li>\n<\/ul>\n<p>&nbsp;<\/p>\n<p><a href=\"https:\/\/www.facebook.com\/IsabelLlanosPlusSizeModel\/\"><strong>Material gr\u00e1fico y fanpage<\/strong><\/a><\/p>\n<p>&nbsp;<\/p>\n","protected":false},"excerpt":{"rendered":"<p>PASARELA Desfile Semana Internacional de la Moda \u2013 Pasarela Cibeles (Madrid). Firmas: Dona Fern,\u00a0 Superl\u00ednea, Elena Mir\u00f3. 2002 Desfile para Superl\u00ednea, C.C.\u00a0 La Maquinista (Barcelona) 2002 Desfile para Superl\u00ednea, Benicarl\u00f3<\/p>\n<p class=\"more-link\"><a href=\"http:\/\/www.isabel-llanos.com\/web\/fotos\/\" class=\"readmore\">Seguir leyendo<span class=\"screen-reader-text\">Modelo<\/span><\/a><\/p>\n","protected":false},"author":1,"featured_media":0,"parent":0,"menu_order":7,"comment_status":"open","ping_status":"open","template":"","meta":{"footnotes":""},"class_list":["post-107","page","type-page","status-publish","hentry"],"_links":{"self":[{"href":"http:\/\/www.isabel-llanos.com\/web\/wp-json\/wp\/v2\/pages\/107","targetHints":{"allow":["GET"]}}],"collection":[{"href":"http:\/\/www.isabel-llanos.com\/web\/wp-json\/wp\/v2\/pages"}],"about":[{"href":"http:\/\/www.isabel-llanos.com\/web\/wp-json\/wp\/v2\/types\/page"}],"author":[{"embeddable":true,"href":"http:\/\/www.isabel-llanos.com\/web\/wp-json\/wp\/v2\/users\/1"}],"replies":[{"embeddable":true,"href":"http:\/\/www.isabel-llanos.com\/web\/wp-json\/wp\/v2\/comments?post=107"}],"version-history":[{"count":18,"href":"http:\/\/www.isabel-llanos.com\/web\/wp-json\/wp\/v2\/pages\/107\/revisions"}],"predecessor-version":[{"id":131,"href":"http:\/\/www.isabel-llanos.com\/web\/wp-json\/wp\/v2\/pages\/107\/revisions\/131"}],"wp:attachment":[{"href":"http:\/\/www.isabel-llanos.com\/web\/wp-json\/wp\/v2\/media?parent=107"}],"curies":[{"name":"wp","href":"https:\/\/api.w.org\/{rel}","templated":true}]}}